{"id":2950,"date":"2019-01-10T11:14:22","date_gmt":"2019-01-10T09:14:22","guid":{"rendered":"https:\/\/www.doqpriorat.org\/les-viles\/"},"modified":"2019-03-18T19:14:31","modified_gmt":"2019-03-18T17:14:31","slug":"las-villas","status":"publish","type":"page","link":"https:\/\/www.doqpriorat.org\/es\/las-villas\/","title":{"rendered":"Las Villas"},"content":{"rendered":"<p><div class=\"fusion-fullwidth fullwidth-box fusion-builder-row-1 nonhundred-percent-fullwidth non-hundred-percent-height-scrolling\" style=\"background-color: #ffffff;background-position: center center;background-repeat: no-repeat;padding-top:0px;padding-right:0px;padding-bottom:0px;padding-left:0px;margin-bottom: 0px;margin-top: 0px;border-width: 0px 0px 0px 0px;border-color:#eae9e9;border-style:solid;\" ><div class=\"fusion-builder-row fusion-row\"><div class=\"fusion-layout-column fusion_builder_column fusion-builder-column-0 fusion_builder_column_1_1 1_1 fusion-one-full fusion-column-first fusion-column-last\" style=\"margin-top:0px;margin-bottom:20px;\"><div class=\"fusion-column-wrapper fusion-flex-column-wrapper-legacy\" style=\"background-position:left top;background-repeat:no-repeat;-webkit-background-size:cover;-moz-background-size:cover;-o-background-size:cover;background-size:cover;padding: 0px 0px 0px 0px;\"><div class=\"fusion-text fusion-text-1\"><p>La DOCa Priorat est\u00e1 formada por 12 zonas de producci\u00f3n vit\u00edcola, las diferentes villas. Cada una de las villas que conforman la DOCa Priorat responden a variables geogr\u00e1ficas, ambientales, clim\u00e1ticas, vitivin\u00edcolas sociales, hist\u00f3ricas y econ\u00f3micas, a trav\u00e9s de las cuales se identifica la ra\u00edz social del vino con las ra\u00edces culturales de cada pueblo y se identifica el vino con cada una de sus realidades sociales, que van m\u00e1s all\u00e1 de los l\u00edmites administrativos existentes.<\/p>\n<p>Las villas que constituyen la DOCa Priorat son Bellmunt del Priorat, Gratallops, el Lloar, la Morera de Montsant, Porrera, Poboleda, Scala Dei, Torroja del Priorat, la Vilella Alta, la Vilella Baixa y las zonas de Masos de Falset y les Solanes del Molar.<\/p>\n<\/div><div class=\"fusion-clearfix\"><\/div><\/div><\/div><\/div><\/div><div class=\"fusion-fullwidth fullwidth-box fusion-builder-row-2 nonhundred-percent-fullwidth non-hundred-percent-height-scrolling\" style=\"background-color: #ffffff;background-position: center center;background-repeat: no-repeat;padding-top:0px;padding-right:0px;padding-bottom:0px;padding-left:0px;margin-bottom: 30px;margin-top: 0px;border-width: 0px 0px 0px 0px;border-color:#eae9e9;border-style:solid;\" ><div class=\"fusion-builder-row fusion-row\"><div class=\"fusion-layout-column fusion_builder_column fusion-builder-column-1 fusion_builder_column_1_4 1_4 fusion-one-fourth fusion-column-first fusion-column-inner-bg-wrapper\" style=\"width:25%;width:calc(25% - ( ( 5px + 5px + 5px ) * 0.25 ) );margin-right: 5px;margin-top:0px;margin-bottom:5px;\"><div class=\"fusion-column-wrapper fusion-flex-column-wrapper-legacy\" style=\"padding: 100px 0px 100px 0px;\" data-bg-url=\"https:\/\/www.doqpriorat.org\/wp-content\/uploads\/2019\/02\/2bellmunt.jpg\"><div class=\"fusion-aligncenter\"><style type=\"text\/css\">.fusion-button.button-1 {border-radius:2px;}<\/style><a class=\"fusion-button button-flat button-large button-default button-1 fusion-button-default-span fusion-button-default-type button-transparent\" target=\"_self\"><span class=\"fusion-button-text\">Bellmunt del Priorat<\/span><\/a><\/div><div class=\"fusion-clearfix\"><\/div><\/div><span class=\"fusion-column-inner-bg hover-type-zoomin\"><a href=\"https:\/\/www.doqpriorat.org\/es\/las-villas\/bellmunt-del-priorat\/\"><span class=\"fusion-column-inner-bg-image\" style=\"background-image: url(&#039;https:\/\/www.doqpriorat.org\/wp-content\/uploads\/2019\/02\/2bellmunt.jpg&#039;);background-position:center center;background-repeat:no-repeat;-webkit-background-size:cover;-moz-background-size:cover;-o-background-size:cover;background-size:cover;\"><\/span><\/a><\/span><\/div><div class=\"fusion-layout-column fusion_builder_column fusion-builder-column-2 fusion_builder_column_1_4 1_4 fusion-one-fourth fusion-column-inner-bg-wrapper\" style=\"width:25%;width:calc(25% - ( ( 5px + 5px + 5px ) * 0.25 ) );margin-right: 5px;margin-top:0px;margin-bottom:5px;\"><div class=\"fusion-column-wrapper fusion-flex-column-wrapper-legacy\" style=\"padding: 100px 0px 100px 0px;\" data-bg-url=\"https:\/\/www.doqpriorat.org\/wp-content\/uploads\/2019\/02\/34.jpg\"><div class=\"fusion-aligncenter\"><style type=\"text\/css\">.fusion-button.button-2 {border-radius:2px;}<\/style><a class=\"fusion-button button-flat button-large button-default button-2 fusion-button-default-span fusion-button-default-type button-transparent\" target=\"_self\"><span class=\"fusion-button-text\">Scala Dei<\/span><\/a><\/div><div class=\"fusion-clearfix\"><\/div><\/div><span class=\"fusion-column-inner-bg hover-type-zoomin\"><a href=\"https:\/\/www.doqpriorat.org\/es\/las-villas\/scala-dei\/\"><span class=\"fusion-column-inner-bg-image\" style=\"background-image: url(&#039;https:\/\/www.doqpriorat.org\/wp-content\/uploads\/2019\/02\/34.jpg&#039;);background-position:center center;background-repeat:no-repeat;-webkit-background-size:cover;-moz-background-size:cover;-o-background-size:cover;background-size:cover;\"><\/span><\/a><\/span><\/div><div class=\"fusion-layout-column fusion_builder_column fusion-builder-column-3 fusion_builder_column_1_4 1_4 fusion-one-fourth fusion-column-inner-bg-wrapper\" style=\"width:25%;width:calc(25% - ( ( 5px + 5px + 5px ) * 0.25 ) );margin-right: 5px;margin-top:0px;margin-bottom:5px;\"><div class=\"fusion-column-wrapper fusion-flex-column-wrapper-legacy\" style=\"padding: 100px 0px 100px 0px;\" data-bg-url=\"https:\/\/www.doqpriorat.org\/wp-content\/uploads\/2019\/02\/GRATALLOPS.jpg\"><div class=\"fusion-aligncenter\"><style type=\"text\/css\">.fusion-button.button-3 {border-radius:2px;}<\/style><a class=\"fusion-button button-flat button-large button-default button-3 fusion-button-default-span fusion-button-default-type button-transparent\" target=\"_self\"><span class=\"fusion-button-text\">Gratallops<\/span><\/a><\/div><div class=\"fusion-clearfix\"><\/div><\/div><span class=\"fusion-column-inner-bg hover-type-zoomin\"><a href=\"https:\/\/www.doqpriorat.org\/es\/las-villas\/gratallops\/\"><span class=\"fusion-column-inner-bg-image\" style=\"background-image: url(&#039;https:\/\/www.doqpriorat.org\/wp-content\/uploads\/2019\/02\/GRATALLOPS.jpg&#039;);background-position:center center;background-repeat:no-repeat;-webkit-background-size:cover;-moz-background-size:cover;-o-background-size:cover;background-size:cover;\"><\/span><\/a><\/span><\/div><div class=\"fusion-layout-column fusion_builder_column fusion-builder-column-4 fusion_builder_column_1_4 1_4 fusion-one-fourth fusion-column-last fusion-column-inner-bg-wrapper\" style=\"width:25%;width:calc(25% - ( ( 5px + 5px + 5px ) * 0.25 ) );margin-top:0px;margin-bottom:5px;\"><div class=\"fusion-column-wrapper fusion-flex-column-wrapper-legacy\" style=\"padding: 100px 0px 100px 0px;\" data-bg-url=\"https:\/\/www.doqpriorat.org\/wp-content\/uploads\/2019\/02\/El-Lloar.jpg\"><div class=\"fusion-aligncenter\"><style type=\"text\/css\">.fusion-button.button-4 {border-radius:2px;}<\/style><a class=\"fusion-button button-flat button-large button-default button-4 fusion-button-default-span fusion-button-default-type button-transparent\" target=\"_self\"><span class=\"fusion-button-text\">El Lloar<\/span><\/a><\/div><div class=\"fusion-clearfix\"><\/div><\/div><span class=\"fusion-column-inner-bg hover-type-zoomin\"><a href=\"https:\/\/www.doqpriorat.org\/es\/las-villas\/el-lloar\/\"><span class=\"fusion-column-inner-bg-image\" style=\"background-image: url(&#039;https:\/\/www.doqpriorat.org\/wp-content\/uploads\/2019\/02\/El-Lloar.jpg&#039;);background-position:center center;background-repeat:no-repeat;-webkit-background-size:cover;-moz-background-size:cover;-o-background-size:cover;background-size:cover;\"><\/span><\/a><\/span><\/div><div class=\"fusion-layout-column fusion_builder_column fusion-builder-column-5 fusion_builder_column_1_4 1_4 fusion-one-fourth fusion-column-first fusion-column-inner-bg-wrapper\" style=\"width:25%;width:calc(25% - ( ( 5px + 5px + 5px ) * 0.25 ) );margin-right: 5px;margin-top:0px;margin-bottom:5px;\"><div class=\"fusion-column-wrapper fusion-flex-column-wrapper-legacy\" style=\"padding: 100px 0px 100px 0px;\" data-bg-url=\"https:\/\/www.doqpriorat.org\/wp-content\/uploads\/2019\/02\/la-morera-de-montsant-2.jpg\"><div class=\"fusion-aligncenter\"><style type=\"text\/css\">.fusion-button.button-5 {border-radius:2px;}<\/style><a class=\"fusion-button button-flat button-large button-default button-5 fusion-button-default-span fusion-button-default-type button-transparent\" target=\"_self\"><span class=\"fusion-button-text\">La Morera de Montsant<\/span><\/a><\/div><div class=\"fusion-clearfix\"><\/div><\/div><span class=\"fusion-column-inner-bg hover-type-zoomin\"><a href=\"https:\/\/www.doqpriorat.org\/es\/las-villas\/la-morera-de-montsant\/\"><span class=\"fusion-column-inner-bg-image\" style=\"background-image: url(&#039;https:\/\/www.doqpriorat.org\/wp-content\/uploads\/2019\/02\/la-morera-de-montsant-2.jpg&#039;);background-position:center center;background-repeat:no-repeat;-webkit-background-size:cover;-moz-background-size:cover;-o-background-size:cover;background-size:cover;\"><\/span><\/a><\/span><\/div><div class=\"fusion-layout-column fusion_builder_column fusion-builder-column-6 fusion_builder_column_1_4 1_4 fusion-one-fourth fusion-column-inner-bg-wrapper\" style=\"width:25%;width:calc(25% - ( ( 5px + 5px + 5px ) * 0.25 ) );margin-right: 5px;margin-top:0px;margin-bottom:5px;\"><div class=\"fusion-column-wrapper fusion-flex-column-wrapper-legacy\" style=\"padding: 100px 0px 100px 0px;\" data-bg-url=\"https:\/\/www.doqpriorat.org\/wp-content\/uploads\/2019\/02\/Poboleda.jpg\"><div class=\"fusion-aligncenter\"><style type=\"text\/css\">.fusion-button.button-6 {border-radius:2px;}<\/style><a class=\"fusion-button button-flat button-large button-default button-6 fusion-button-default-span fusion-button-default-type button-transparent\" target=\"_self\"><span class=\"fusion-button-text\">Poboleda<\/span><\/a><\/div><div class=\"fusion-clearfix\"><\/div><\/div><span class=\"fusion-column-inner-bg hover-type-zoomin\"><a href=\"https:\/\/www.doqpriorat.org\/es\/las-villas\/poboleda\/\"><span class=\"fusion-column-inner-bg-image\" style=\"background-image: url(&#039;https:\/\/www.doqpriorat.org\/wp-content\/uploads\/2019\/02\/Poboleda.jpg&#039;);background-position:center center;background-repeat:no-repeat;-webkit-background-size:cover;-moz-background-size:cover;-o-background-size:cover;background-size:cover;\"><\/span><\/a><\/span><\/div><div class=\"fusion-layout-column fusion_builder_column fusion-builder-column-7 fusion_builder_column_1_4 1_4 fusion-one-fourth fusion-column-inner-bg-wrapper\" style=\"width:25%;width:calc(25% - ( ( 5px + 5px + 5px ) * 0.25 ) );margin-right: 5px;margin-top:0px;margin-bottom:5px;\"><div class=\"fusion-column-wrapper fusion-flex-column-wrapper-legacy\" style=\"padding: 100px 0px 100px 0px;\" data-bg-url=\"https:\/\/www.doqpriorat.org\/wp-content\/uploads\/2019\/02\/Porrera.jpg\"><div class=\"fusion-aligncenter\"><style type=\"text\/css\">.fusion-button.button-7 {border-radius:2px;}<\/style><a class=\"fusion-button button-flat button-large button-default button-7 fusion-button-default-span fusion-button-default-type button-transparent\" target=\"_self\"><span class=\"fusion-button-text\">Porrera<\/span><\/a><\/div><div class=\"fusion-clearfix\"><\/div><\/div><span class=\"fusion-column-inner-bg hover-type-zoomin\"><a href=\"https:\/\/www.doqpriorat.org\/es\/las-villas\/porrera\/\"><span class=\"fusion-column-inner-bg-image\" style=\"background-image: url(&#039;https:\/\/www.doqpriorat.org\/wp-content\/uploads\/2019\/02\/Porrera.jpg&#039;);background-position:center center;background-repeat:no-repeat;-webkit-background-size:cover;-moz-background-size:cover;-o-background-size:cover;background-size:cover;\"><\/span><\/a><\/span><\/div><div class=\"fusion-layout-column fusion_builder_column fusion-builder-column-8 fusion_builder_column_1_4 1_4 fusion-one-fourth fusion-column-last fusion-column-inner-bg-wrapper\" style=\"width:25%;width:calc(25% - ( ( 5px + 5px + 5px ) * 0.25 ) );margin-top:0px;margin-bottom:5px;\"><div class=\"fusion-column-wrapper fusion-flex-column-wrapper-legacy\" style=\"padding: 100px 0px 100px 0px;\" data-bg-url=\"https:\/\/www.doqpriorat.org\/wp-content\/uploads\/2019\/02\/Torroja-del-Priorat.jpg\"><div class=\"fusion-aligncenter\"><style type=\"text\/css\">.fusion-button.button-8 {border-radius:2px;}<\/style><a class=\"fusion-button button-flat button-large button-default button-8 fusion-button-default-span fusion-button-default-type button-transparent\" target=\"_self\"><span class=\"fusion-button-text\">Torroja del Priorat<\/span><\/a><\/div><div class=\"fusion-clearfix\"><\/div><\/div><span class=\"fusion-column-inner-bg hover-type-zoomin\"><a href=\"https:\/\/www.doqpriorat.org\/es\/las-villas\/torroja-del-priorat\/\"><span class=\"fusion-column-inner-bg-image\" style=\"background-image: url(&#039;https:\/\/www.doqpriorat.org\/wp-content\/uploads\/2019\/02\/Torroja-del-Priorat.jpg&#039;);background-position:center center;background-repeat:no-repeat;-webkit-background-size:cover;-moz-background-size:cover;-o-background-size:cover;background-size:cover;\"><\/span><\/a><\/span><\/div><div class=\"fusion-layout-column fusion_builder_column fusion-builder-column-9 fusion_builder_column_1_4 1_4 fusion-one-fourth fusion-column-first fusion-column-inner-bg-wrapper\" style=\"width:25%;width:calc(25% - ( ( 5px + 5px + 5px ) * 0.25 ) );margin-right: 5px;margin-top:0px;margin-bottom:5px;\"><div class=\"fusion-column-wrapper fusion-flex-column-wrapper-legacy\" style=\"padding: 100px 0px 100px 0px;\" data-bg-url=\"https:\/\/www.doqpriorat.org\/wp-content\/uploads\/2019\/02\/La-Vilella-Alta-2.jpg\"><div class=\"fusion-aligncenter\"><style type=\"text\/css\">.fusion-button.button-9 {border-radius:2px;}<\/style><a class=\"fusion-button button-flat button-large button-default button-9 fusion-button-default-span fusion-button-default-type button-transparent\" target=\"_self\"><span class=\"fusion-button-text\">La Vilella Alta<\/span><\/a><\/div><div class=\"fusion-clearfix\"><\/div><\/div><span class=\"fusion-column-inner-bg hover-type-zoomin\"><a href=\"https:\/\/www.doqpriorat.org\/es\/las-villas\/la-vilella-alta\/\"><span class=\"fusion-column-inner-bg-image\" style=\"background-image: url(&#039;https:\/\/www.doqpriorat.org\/wp-content\/uploads\/2019\/02\/La-Vilella-Alta-2.jpg&#039;);background-position:center center;background-repeat:no-repeat;-webkit-background-size:cover;-moz-background-size:cover;-o-background-size:cover;background-size:cover;\"><\/span><\/a><\/span><\/div><div class=\"fusion-layout-column fusion_builder_column fusion-builder-column-10 fusion_builder_column_1_4 1_4 fusion-one-fourth fusion-column-inner-bg-wrapper\" style=\"width:25%;width:calc(25% - ( ( 5px + 5px + 5px ) * 0.25 ) );margin-right: 5px;margin-top:0px;margin-bottom:5px;\"><div class=\"fusion-column-wrapper fusion-flex-column-wrapper-legacy\" style=\"padding: 100px 0px 100px 0px;\" data-bg-url=\"https:\/\/www.doqpriorat.org\/wp-content\/uploads\/2019\/02\/LA-VILELLA-BAIXA-1.jpg\"><div class=\"fusion-aligncenter\"><style type=\"text\/css\">.fusion-button.button-10 {border-radius:2px;}<\/style><a class=\"fusion-button button-flat button-large button-default button-10 fusion-button-default-span fusion-button-default-type button-transparent\" target=\"_self\"><span class=\"fusion-button-text\">La Vilella Baixa<\/span><\/a><\/div><div class=\"fusion-clearfix\"><\/div><\/div><span class=\"fusion-column-inner-bg hover-type-zoomin\"><a href=\"https:\/\/www.doqpriorat.org\/es\/las-villas\/la-vilella-baixa\/\"><span class=\"fusion-column-inner-bg-image\" style=\"background-image: url(&#039;https:\/\/www.doqpriorat.org\/wp-content\/uploads\/2019\/02\/LA-VILELLA-BAIXA-1.jpg&#039;);background-position:center center;background-repeat:no-repeat;-webkit-background-size:cover;-moz-background-size:cover;-o-background-size:cover;background-size:cover;\"><\/span><\/a><\/span><\/div><div class=\"fusion-layout-column fusion_builder_column fusion-builder-column-11 fusion_builder_column_1_4 1_4 fusion-one-fourth fusion-column-inner-bg-wrapper\" style=\"width:25%;width:calc(25% - ( ( 5px + 5px + 5px ) * 0.25 ) );margin-right: 5px;margin-top:0px;margin-bottom:5px;\"><div class=\"fusion-column-wrapper fusion-flex-column-wrapper-legacy\" style=\"padding: 100px 0px 100px 0px;\" data-bg-url=\"https:\/\/www.doqpriorat.org\/wp-content\/uploads\/2019\/02\/99.jpg\"><div class=\"fusion-aligncenter\"><style type=\"text\/css\">.fusion-button.button-11 {border-radius:2px;}<\/style><a class=\"fusion-button button-flat button-large button-default button-11 fusion-button-default-span fusion-button-default-type button-transparent\" target=\"_self\"><span class=\"fusion-button-text\">Masos de Falset<\/span><\/a><\/div><div class=\"fusion-clearfix\"><\/div><\/div><span class=\"fusion-column-inner-bg hover-type-zoomin\"><a href=\"https:\/\/www.doqpriorat.org\/es\/las-villas\/masos-de-falset\/\"><span class=\"fusion-column-inner-bg-image\" style=\"background-image: url(&#039;https:\/\/www.doqpriorat.org\/wp-content\/uploads\/2019\/02\/99.jpg&#039;);background-position:center center;background-repeat:no-repeat;-webkit-background-size:cover;-moz-background-size:cover;-o-background-size:cover;background-size:cover;\"><\/span><\/a><\/span><\/div><div class=\"fusion-layout-column fusion_builder_column fusion-builder-column-12 fusion_builder_column_1_4 1_4 fusion-one-fourth fusion-column-last fusion-column-inner-bg-wrapper\" style=\"width:25%;width:calc(25% - ( ( 5px + 5px + 5px ) * 0.25 ) );margin-top:0px;margin-bottom:5px;\"><div class=\"fusion-column-wrapper fusion-flex-column-wrapper-legacy\" style=\"padding: 100px 0px 100px 0px;\" data-bg-url=\"https:\/\/www.doqpriorat.org\/wp-content\/uploads\/2019\/02\/les-solanes-del-molar.jpg\"><div class=\"fusion-aligncenter\"><style type=\"text\/css\">.fusion-button.button-12 {border-radius:2px;}<\/style><a class=\"fusion-button button-flat button-large button-default button-12 fusion-button-default-span fusion-button-default-type button-transparent\" target=\"_self\"><span class=\"fusion-button-text\">Solanes del Molar<\/span><\/a><\/div><div class=\"fusion-clearfix\"><\/div><\/div><span class=\"fusion-column-inner-bg hover-type-zoomin\"><a href=\"https:\/\/www.doqpriorat.org\/es\/las-villas\/solanes-del-molar\/\"><span class=\"fusion-column-inner-bg-image\" style=\"background-image: url(&#039;https:\/\/www.doqpriorat.org\/wp-content\/uploads\/2019\/02\/les-solanes-del-molar.jpg&#039;);background-position:center center;background-repeat:no-repeat;-webkit-background-size:cover;-moz-background-size:cover;-o-background-size:cover;background-size:cover;\"><\/span><\/a><\/span><\/div><\/div><\/div><div class=\"fusion-fullwidth fullwidth-box fusion-builder-row-3 nonhundred-percent-fullwidth non-hundred-percent-height-scrolling\" style=\"background-color: #ffffff;background-position: center center;background-repeat: no-repeat;padding-top:0px;padding-right:0px;padding-bottom:0px;padding-left:0px;margin-bottom: 0px;margin-top: 0px;border-width: 0px 0px 0px 0px;border-color:#eae9e9;border-style:solid;\" ><div class=\"fusion-builder-row fusion-row\"><div class=\"fusion-layout-column fusion_builder_column fusion-builder-column-13 fusion_builder_column_1_1 1_1 fusion-one-full fusion-column-first fusion-column-last\" style=\"margin-top:0px;margin-bottom:20px;\"><div class=\"fusion-column-wrapper fusion-flex-column-wrapper-legacy\" style=\"background-position:left top;background-repeat:no-repeat;-webkit-background-size:cover;-moz-background-size:cover;-o-background-size:cover;background-size:cover;padding: 0px 0px 0px 0px;\"><style type=\"text\/css\"><\/style><div class=\"fusion-title title fusion-title-1 fusion-sep-none fusion-title-text fusion-title-size-one\" style=\"margin-top:0px;margin-right:0px;margin-bottom:31px;margin-left:0px;\"><h1 class=\"title-heading-left\" style=\"margin:0;\"><h2>Los vinos de villa<\/h2><\/h1><\/div><div class=\"fusion-clearfix\"><\/div><\/div><\/div><div class=\"fusion-layout-column fusion_builder_column fusion-builder-column-14 fusion_builder_column_1_2 1_2 fusion-one-half fusion-column-first\" style=\"width:50%;width:calc(50% - ( ( 4% ) * 0.5 ) );margin-right: 4%;margin-top:0px;margin-bottom:20px;\"><div class=\"fusion-column-wrapper fusion-flex-column-wrapper-legacy\" style=\"background-position:left top;background-repeat:no-repeat;-webkit-background-size:cover;-moz-background-size:cover;-o-background-size:cover;background-size:cover;padding: 0px 0px 0px 0px;\"><span class=\" fusion-imageframe imageframe-none imageframe-1 hover-type-none\"><a href=\"https:\/\/www.doqpriorat.org\/wp-content\/uploads\/2019\/01\/Mapa-DOQ-Priorat.jpg\" class=\"fusion-lightbox\" data-rel=\"iLightbox[a6a2561d12b211280b3]\" data-title=\"Vins de Vila DOQ Priorat\" title=\"Vins de Vila DOQ Priorat\"><img decoding=\"async\" width=\"1600\" height=\"1120\" src=\"https:\/\/www.doqpriorat.org\/wp-content\/uploads\/2019\/01\/Mapa-DOQ-Priorat.jpg\" class=\"img-responsive wp-image-98\" srcset=\"https:\/\/www.doqpriorat.org\/wp-content\/uploads\/2019\/01\/Mapa-DOQ-Priorat-200x140.jpg 200w, https:\/\/www.doqpriorat.org\/wp-content\/uploads\/2019\/01\/Mapa-DOQ-Priorat-400x280.jpg 400w, https:\/\/www.doqpriorat.org\/wp-content\/uploads\/2019\/01\/Mapa-DOQ-Priorat-600x420.jpg 600w, https:\/\/www.doqpriorat.org\/wp-content\/uploads\/2019\/01\/Mapa-DOQ-Priorat-800x560.jpg 800w, https:\/\/www.doqpriorat.org\/wp-content\/uploads\/2019\/01\/Mapa-DOQ-Priorat-1200x840.jpg 1200w, https:\/\/www.doqpriorat.org\/wp-content\/uploads\/2019\/01\/Mapa-DOQ-Priorat.jpg 1600w\" sizes=\"(max-width: 800px) 100vw, 600px\" \/><\/a><\/span><div class=\"fusion-clearfix\"><\/div><\/div><\/div><div class=\"fusion-layout-column fusion_builder_column fusion-builder-column-15 fusion_builder_column_1_2 1_2 fusion-one-half fusion-column-last\" style=\"width:50%;width:calc(50% - ( ( 4% ) * 0.5 ) );margin-top:0px;margin-bottom:20px;\"><div class=\"fusion-column-wrapper fusion-flex-column-wrapper-legacy\" style=\"background-position:left top;background-repeat:no-repeat;-webkit-background-size:cover;-moz-background-size:cover;-o-background-size:cover;background-size:cover;padding: 0px 0px 0px 0px;\"><div class=\"fusion-text fusion-text-2\"><p>Los vinos de villa, aqu\u00e9llos elaborados a partir de uvas de una misma villa, son una expresi\u00f3n del v\u00ednculo de estos vinos con el territorio. A principios de 2013 ya se hab\u00edan registrado m\u00e1s de una veintena de vinos como Vinos de Villa (\u00abVins de Vila\u00bb), un buen ejemplo de la apuesta por la calidad y la tipicidad que siguen realizando las bodegas de la DOCa Priorat.<\/p>\n<p>El objetivo de este proyecto es realizar un paso adelante en la l\u00ednea de reforzar la identidad de los pueblos de esta denominaci\u00f3n de origen, reforzando m\u00e1s si cabe sus v\u00ednculos con sus vinos. De hecho, una de las caracter\u00edsticas de los vinos del Priorat m\u00e1s valoradas por los expertos es su elevada fidelidad al suelo de origen, es decir, al terru\u00f1o.<\/p>\n<\/div><div class=\"fusion-clearfix\"><\/div><\/div><\/div><\/div><\/div><div class=\"fusion-fullwidth fullwidth-box fusion-builder-row-4 nonhundred-percent-fullwidth non-hundred-percent-height-scrolling\" style=\"background-color: #ffffff;background-position: center center;background-repeat: no-repeat;padding-top:0px;padding-right:0px;padding-bottom:0px;padding-left:0px;margin-bottom: 0px;margin-top: 0px;border-width: 0px 0px 0px 0px;border-color:#eae9e9;border-style:solid;\" ><div class=\"fusion-builder-row fusion-row\"><div class=\"fusion-layout-column fusion_builder_column fusion-builder-column-16 fusion_builder_column_1_1 1_1 fusion-one-full fusion-column-first fusion-column-last\" style=\"margin-top:0px;margin-bottom:20px;\"><div class=\"fusion-column-wrapper fusion-flex-column-wrapper-legacy\" style=\"background-position:left top;background-repeat:no-repeat;-webkit-background-size:cover;-moz-background-size:cover;-o-background-size:cover;background-size:cover;padding: 0px 0px 0px 0px;\"><div class=\"fusion-text fusion-text-3\"><h2>La DOCa Priorat os invita: villa a villa, fiesta a fiesta<\/h2>\n<p>El compromiso con su territorio es una de las se\u00f1as de identidad de la Denominaci\u00f3n de Origen Calificada Priorat. Por eso, desde el Consejo Regulador se colabora con todas las iniciativas que tengan como objetivo el fomento de la cultura local y el respeto por el territorio y el paisaje del Priorat.<\/p>\n<p>Las formas de vida locales otorgan identidad a la zona y el Consejo Regulador de la DOCa Priorat, preserv\u00e1ndolas, tambi\u00e9n favorece el progreso y la mejora de su \u00e1mbito m\u00e1s cercano. En este sentido, la DOCa Priorat (de acuerdo con los ayuntamientos y los agentes locales) ha promovido la organizaci\u00f3n de diferentes muestras, catas y ferias locales dedicadas a la difusi\u00f3n de los vinos de cada una de las villas de esta regi\u00f3n vitivin\u00edcola. El Consejo Regulador de la DOCa Priorat, los ayuntamientos de la zona y las bodegas locales se coordinan cada a\u00f1o para ofrecer un amplio programa de actividades populares que durante todo el a\u00f1o acercan al p\u00fablico los vinos del Priorat.<\/p>\n<\/div><div class=\"fusion-clearfix\"><\/div><\/div><\/div><\/div><\/div><\/p>\n","protected":false},"excerpt":{"rendered":"","protected":false},"author":1,"featured_media":0,"parent":0,"menu_order":0,"comment_status":"closed","ping_status":"closed","template":"","meta":{"footnotes":""},"class_list":["post-2950","page","type-page","status-publish","hentry"],"yoast_head":"<!-- This site is optimized with the Yoast SEO plugin v27.5 - https:\/\/yoast.com\/product\/yoast-seo-wordpress\/ -->\n<title>Las Villas - Consell Regulador de la DOQ Priorat<\/title>\n<meta name=\"robots\" content=\"index, follow, max-snippet:-1, max-image-preview:large, max-video-preview:-1\" \/>\n<link rel=\"canonical\" href=\"https:\/\/www.doqpriorat.org\/es\/las-villas\/\" \/>\n<meta property=\"og:locale\" content=\"es_ES\" \/>\n<meta property=\"og:type\" content=\"article\" \/>\n<meta property=\"og:title\" content=\"Las Villas - Consell Regulador de la DOQ Priorat\" \/>\n<meta property=\"og:url\" content=\"https:\/\/www.doqpriorat.org\/es\/las-villas\/\" \/>\n<meta property=\"og:site_name\" content=\"Consell Regulador de la DOQ Priorat\" \/>\n<meta property=\"article:modified_time\" content=\"2019-03-18T17:14:31+00:00\" \/>\n<meta name=\"twitter:card\" content=\"summary_large_image\" \/>\n<meta name=\"twitter:label1\" content=\"Tiempo de lectura\" \/>\n\t<meta name=\"twitter:data1\" content=\"17 minutos\" \/>\n<script type=\"application\/ld+json\" class=\"yoast-schema-graph\">{\"@context\":\"https:\\\/\\\/schema.org\",\"@graph\":[{\"@type\":\"WebPage\",\"@id\":\"https:\\\/\\\/www.doqpriorat.org\\\/es\\\/las-villas\\\/\",\"url\":\"https:\\\/\\\/www.doqpriorat.org\\\/es\\\/las-villas\\\/\",\"name\":\"Las Villas - Consell Regulador de la DOQ Priorat\",\"isPartOf\":{\"@id\":\"https:\\\/\\\/www.doqpriorat.org\\\/#website\"},\"datePublished\":\"2019-01-10T09:14:22+00:00\",\"dateModified\":\"2019-03-18T17:14:31+00:00\",\"breadcrumb\":{\"@id\":\"https:\\\/\\\/www.doqpriorat.org\\\/es\\\/las-villas\\\/#breadcrumb\"},\"inLanguage\":\"es\",\"potentialAction\":[{\"@type\":\"ReadAction\",\"target\":[\"https:\\\/\\\/www.doqpriorat.org\\\/es\\\/las-villas\\\/\"]}]},{\"@type\":\"BreadcrumbList\",\"@id\":\"https:\\\/\\\/www.doqpriorat.org\\\/es\\\/las-villas\\\/#breadcrumb\",\"itemListElement\":[{\"@type\":\"ListItem\",\"position\":1,\"name\":\"Inici\",\"item\":\"https:\\\/\\\/www.doqpriorat.org\\\/es\\\/\"},{\"@type\":\"ListItem\",\"position\":2,\"name\":\"Las Villas\"}]},{\"@type\":\"WebSite\",\"@id\":\"https:\\\/\\\/www.doqpriorat.org\\\/#website\",\"url\":\"https:\\\/\\\/www.doqpriorat.org\\\/\",\"name\":\"Consell Regulador de la DOQ Priorat\",\"description\":\"Altre lloc gestionat amb el WordPress\",\"potentialAction\":[{\"@type\":\"SearchAction\",\"target\":{\"@type\":\"EntryPoint\",\"urlTemplate\":\"https:\\\/\\\/www.doqpriorat.org\\\/?s={search_term_string}\"},\"query-input\":{\"@type\":\"PropertyValueSpecification\",\"valueRequired\":true,\"valueName\":\"search_term_string\"}}],\"inLanguage\":\"es\"}]}<\/script>\n<!-- \/ Yoast SEO plugin. -->","yoast_head_json":{"title":"Las Villas - Consell Regulador de la DOQ Priorat","robots":{"index":"index","follow":"follow","max-snippet":"max-snippet:-1","max-image-preview":"max-image-preview:large","max-video-preview":"max-video-preview:-1"},"canonical":"https:\/\/www.doqpriorat.org\/es\/las-villas\/","og_locale":"es_ES","og_type":"article","og_title":"Las Villas - Consell Regulador de la DOQ Priorat","og_url":"https:\/\/www.doqpriorat.org\/es\/las-villas\/","og_site_name":"Consell Regulador de la DOQ Priorat","article_modified_time":"2019-03-18T17:14:31+00:00","twitter_card":"summary_large_image","twitter_misc":{"Tiempo de lectura":"17 minutos"},"schema":{"@context":"https:\/\/schema.org","@graph":[{"@type":"WebPage","@id":"https:\/\/www.doqpriorat.org\/es\/las-villas\/","url":"https:\/\/www.doqpriorat.org\/es\/las-villas\/","name":"Las Villas - Consell Regulador de la DOQ Priorat","isPartOf":{"@id":"https:\/\/www.doqpriorat.org\/#website"},"datePublished":"2019-01-10T09:14:22+00:00","dateModified":"2019-03-18T17:14:31+00:00","breadcrumb":{"@id":"https:\/\/www.doqpriorat.org\/es\/las-villas\/#breadcrumb"},"inLanguage":"es","potentialAction":[{"@type":"ReadAction","target":["https:\/\/www.doqpriorat.org\/es\/las-villas\/"]}]},{"@type":"BreadcrumbList","@id":"https:\/\/www.doqpriorat.org\/es\/las-villas\/#breadcrumb","itemListElement":[{"@type":"ListItem","position":1,"name":"Inici","item":"https:\/\/www.doqpriorat.org\/es\/"},{"@type":"ListItem","position":2,"name":"Las Villas"}]},{"@type":"WebSite","@id":"https:\/\/www.doqpriorat.org\/#website","url":"https:\/\/www.doqpriorat.org\/","name":"Consell Regulador de la DOQ Priorat","description":"Altre lloc gestionat amb el WordPress","potentialAction":[{"@type":"SearchAction","target":{"@type":"EntryPoint","urlTemplate":"https:\/\/www.doqpriorat.org\/?s={search_term_string}"},"query-input":{"@type":"PropertyValueSpecification","valueRequired":true,"valueName":"search_term_string"}}],"inLanguage":"es"}]}},"_links":{"self":[{"href":"https:\/\/www.doqpriorat.org\/es\/wp-json\/wp\/v2\/pages\/2950","targetHints":{"allow":["GET"]}}],"collection":[{"href":"https:\/\/www.doqpriorat.org\/es\/wp-json\/wp\/v2\/pages"}],"about":[{"href":"https:\/\/www.doqpriorat.org\/es\/wp-json\/wp\/v2\/types\/page"}],"author":[{"embeddable":true,"href":"https:\/\/www.doqpriorat.org\/es\/wp-json\/wp\/v2\/users\/1"}],"replies":[{"embeddable":true,"href":"https:\/\/www.doqpriorat.org\/es\/wp-json\/wp\/v2\/comments?post=2950"}],"version-history":[{"count":4,"href":"https:\/\/www.doqpriorat.org\/es\/wp-json\/wp\/v2\/pages\/2950\/revisions"}],"predecessor-version":[{"id":3329,"href":"https:\/\/www.doqpriorat.org\/es\/wp-json\/wp\/v2\/pages\/2950\/revisions\/3329"}],"wp:attachment":[{"href":"https:\/\/www.doqpriorat.org\/es\/wp-json\/wp\/v2\/media?parent=2950"}],"curies":[{"name":"wp","href":"https:\/\/api.w.org\/{rel}","templated":true}]}}