{"id":2993,"date":"2019-01-22T13:05:30","date_gmt":"2019-01-22T11:05:30","guid":{"rendered":"https:\/\/www.doqpriorat.org\/les-viles\/gratallops\/"},"modified":"2019-03-25T13:28:24","modified_gmt":"2019-03-25T11:28:24","slug":"gratallops","status":"publish","type":"page","link":"https:\/\/www.doqpriorat.org\/es\/las-villas\/gratallops\/","title":{"rendered":"Gratallops"},"content":{"rendered":"<p><div class=\"fusion-fullwidth fullwidth-box fusion-builder-row-1 nonhundred-percent-fullwidth non-hundred-percent-height-scrolling\" style=\"background-color: #ffffff;background-position: center center;background-repeat: no-repeat;padding-top:0px;padding-right:0px;padding-bottom:0px;padding-left:0px;margin-bottom: 0px;margin-top: 0px;border-width: 0px 0px 0px 0px;border-color:#eae9e9;border-style:solid;\" ><div class=\"fusion-builder-row fusion-row\"><div class=\"fusion-layout-column fusion_builder_column fusion-builder-column-0 fusion_builder_column_1_1 1_1 fusion-one-full fusion-column-first fusion-column-last\" style=\"margin-top:0px;margin-bottom:20px;\"><div class=\"fusion-column-wrapper fusion-flex-column-wrapper-legacy\" style=\"background-position:left top;background-repeat:no-repeat;-webkit-background-size:cover;-moz-background-size:cover;-o-background-size:cover;background-size:cover;padding: 0px 0px 0px 0px;\"><span class=\" fusion-imageframe imageframe-none imageframe-1 hover-type-none\"><img decoding=\"async\" width=\"1200\" height=\"300\" title=\"Gratallops FINAL\" src=\"https:\/\/www.doqpriorat.org\/wp-content\/uploads\/2019\/03\/Gratallops-FINAL.png\" class=\"img-responsive wp-image-3160\" srcset=\"https:\/\/www.doqpriorat.org\/wp-content\/uploads\/2019\/03\/Gratallops-FINAL-200x50.png 200w, https:\/\/www.doqpriorat.org\/wp-content\/uploads\/2019\/03\/Gratallops-FINAL-400x100.png 400w, https:\/\/www.doqpriorat.org\/wp-content\/uploads\/2019\/03\/Gratallops-FINAL-600x150.png 600w, https:\/\/www.doqpriorat.org\/wp-content\/uploads\/2019\/03\/Gratallops-FINAL-800x200.png 800w, https:\/\/www.doqpriorat.org\/wp-content\/uploads\/2019\/03\/Gratallops-FINAL.png 1200w\" sizes=\"(max-width: 800px) 100vw, 1200px\" \/><\/span><div class=\"fusion-clearfix\"><\/div><\/div><\/div><\/div><\/div><div class=\"fusion-fullwidth fullwidth-box fusion-builder-row-2 nonhundred-percent-fullwidth non-hundred-percent-height-scrolling\" style=\"background-color: #ffffff;background-position: center center;background-repeat: no-repeat;padding-top:0px;padding-right:0px;padding-bottom:0px;padding-left:0px;margin-bottom: 0px;margin-top: 0px;border-width: 0px 0px 0px 0px;border-color:#eae9e9;border-style:solid;\" ><div class=\"fusion-builder-row fusion-row\"><div class=\"fusion-layout-column fusion_builder_column fusion-builder-column-1 fusion_builder_column_1_2 1_2 fusion-one-half fusion-column-first\" style=\"width:50%;width:calc(50% - ( ( 4% ) * 0.5 ) );margin-right: 4%;margin-top:0px;margin-bottom:20px;\"><div class=\"fusion-column-wrapper fusion-flex-column-wrapper-legacy\" style=\"background-position:left top;background-repeat:no-repeat;-webkit-background-size:cover;-moz-background-size:cover;-o-background-size:cover;background-size:cover;padding: 0px 0px 0px 0px;\"><div class=\"fusion-text fusion-text-1\"><h2>Situaci\u00f3n<\/h2>\n<p>Gratallops est\u00e1 situado en una parte muy c\u00e9ntrica de la DOCa Priorat. El municipio est\u00e1 delimitado por los r\u00edos Siurana al sur y el Montsant a poniente, que confluyen al extremo suroccidental del t\u00e9rmino. Las vertientes de la mitad sur del municipio son de las m\u00e1s suaves de la zona, lo que propicia que sea una de las partes m\u00e1s cultivadas de toda la DOQ Priorat. El pueblo, de lejos, se asemeja a una corona de casas de la peque\u00f1a colina sobre la que est\u00e1 establecido. Su silueta se reconoce a distancia y configura uno de los skyline caracter\u00edsticos de la DOQ Priorat.<\/p>\n<p>Altitud: 321 m. Superficie: 13,50 kil\u00f3metros cuadrados. Poblaci\u00f3n: 237 habitantes.<\/p>\n<\/div><div class=\"fusion-clearfix\"><\/div><\/div><\/div><div class=\"fusion-layout-column fusion_builder_column fusion-builder-column-2 fusion_builder_column_1_2 1_2 fusion-one-half fusion-column-last\" style=\"width:50%;width:calc(50% - ( ( 4% ) * 0.5 ) );margin-top:0px;margin-bottom:20px;\"><div class=\"fusion-column-wrapper fusion-flex-column-wrapper-legacy\" style=\"background-position:left top;background-repeat:no-repeat;-webkit-background-size:cover;-moz-background-size:cover;-o-background-size:cover;background-size:cover;padding: 0px 0px 0px 0px;\"><div class=\"fusion-text fusion-text-2\"><p><iframe style=\"border: 0;\" src=\"https:\/\/www.google.com\/maps\/embed?pb=!1m18!1m12!1m3!1d3002.3173562037628!2d0.7741510512018062!3d41.193054215880544!2m3!1f0!2f0!3f0!3m2!1i1024!2i768!4f13.1!3m3!1m2!1s0x12a1318bf70552e7%3A0xdb03e9c481eff547!2s43737+Gratallops%2C+Tarragona!5e0!3m2!1sca!2ses!4v1548155023187\" width=\"100%\" height=\"300\" frameborder=\"0\" allowfullscreen=\"allowfullscreen\"><\/iframe><\/p>\n<\/div><div class=\"fusion-clearfix\"><\/div><\/div><\/div><\/div><\/div><div class=\"fusion-fullwidth fullwidth-box fusion-builder-row-3 reverse-cols nonhundred-percent-fullwidth non-hundred-percent-height-scrolling\" style=\"background-color: #ffffff;background-position: center center;background-repeat: no-repeat;padding-top:0px;padding-right:0px;padding-bottom:0px;padding-left:0px;margin-bottom: 0px;margin-top: 0px;border-width: 0px 0px 0px 0px;border-color:#eae9e9;border-style:solid;\" ><div class=\"fusion-builder-row fusion-row\"><div class=\"fusion-layout-column fusion_builder_column fusion-builder-column-3 fusion_builder_column_1_2 1_2 fusion-one-half fusion-column-first\" style=\"width:50%;width:calc(50% - ( ( 4% ) * 0.5 ) );margin-right: 4%;margin-top:0px;margin-bottom:20px;\"><div class=\"fusion-column-wrapper fusion-flex-column-wrapper-legacy\" style=\"background-position:left top;background-repeat:no-repeat;-webkit-background-size:cover;-moz-background-size:cover;-o-background-size:cover;background-size:cover;padding: 0px 0px 0px 0px;\"><span class=\" fusion-imageframe imageframe-none imageframe-2 hover-type-none\"><img decoding=\"async\" width=\"360\" height=\"480\" title=\"esgle\u0301siagratallops\" src=\"https:\/\/www.doqpriorat.org\/wp-content\/uploads\/2019\/02\/esgle\u0301siagratallops.jpg\" class=\"img-responsive wp-image-2677\" srcset=\"https:\/\/www.doqpriorat.org\/wp-content\/uploads\/2019\/02\/esgle\u0301siagratallops-200x267.jpg 200w, https:\/\/www.doqpriorat.org\/wp-content\/uploads\/2019\/02\/esgle\u0301siagratallops.jpg 360w\" sizes=\"(max-width: 800px) 100vw, 360px\" \/><\/span><div class=\"fusion-clearfix\"><\/div><\/div><\/div><div class=\"fusion-layout-column fusion_builder_column fusion-builder-column-4 fusion_builder_column_1_2 1_2 fusion-one-half fusion-column-last\" style=\"width:50%;width:calc(50% - ( ( 4% ) * 0.5 ) );margin-top:0px;margin-bottom:20px;\"><div class=\"fusion-column-wrapper fusion-flex-column-wrapper-legacy\" style=\"background-position:left top;background-repeat:no-repeat;-webkit-background-size:cover;-moz-background-size:cover;-o-background-size:cover;background-size:cover;padding: 0px 0px 0px 0px;\"><div class=\"fusion-text fusion-text-3\"><h2>Historia<\/h2>\n<p>Existen diferentes versiones sobre la etimolog\u00eda del nombre; todas, sin embargo, tienen su origen en la abundancia de lobos en los alrededores. Seg\u00fan la tradici\u00f3n, antiguamente la poblaci\u00f3n se llamaba Vilanova del Pi (Villanueva del Pino). La primera referencia documental es la carta de poblaci\u00f3n, fechada en 1258, seg\u00fan la cual el convento de Scala Dei concede para poblar el lugar el t\u00e9rmino de Gratallops.<\/p>\n<\/div><div class=\"fusion-clearfix\"><\/div><\/div><\/div><\/div><\/div><div class=\"fusion-fullwidth fullwidth-box fusion-builder-row-4 nonhundred-percent-fullwidth non-hundred-percent-height-scrolling\" style=\"background-color: #ffffff;background-position: center center;background-repeat: no-repeat;padding-top:0px;padding-right:0px;padding-bottom:0px;padding-left:0px;margin-bottom: 0px;margin-top: 0px;border-width: 0px 0px 0px 0px;border-color:#eae9e9;border-style:solid;\" ><div class=\"fusion-builder-row fusion-row\"><div class=\"fusion-layout-column fusion_builder_column fusion-builder-column-5 fusion_builder_column_1_2 1_2 fusion-one-half fusion-column-first\" style=\"width:50%;width:calc(50% - ( ( 4% ) * 0.5 ) );margin-right: 4%;margin-top:0px;margin-bottom:20px;\"><div class=\"fusion-column-wrapper fusion-flex-column-wrapper-legacy\" style=\"background-position:left top;background-repeat:no-repeat;-webkit-background-size:cover;-moz-background-size:cover;-o-background-size:cover;background-size:cover;padding: 0px 0px 0px 0px;\"><div class=\"fusion-text fusion-text-4\"><h2>Fiestas y costumbres<\/h2>\n<p>Gratallops celebra su fiesta el 20 de enero, en honor a San Sebasti\u00e1n. La fiesta mayor tiene lugar el 10 de agosto, por San Lorenzo. En la vida cultural del pueblo tiene importancia la creaci\u00f3n, a principios de siglo, de la sociedad recreativa La Flor de Maig, que desde entonces organiza todos los actos recreativos y culturales del pueblo. A principios de mayo se organiza la degustaci\u00f3n de vinos \u00abTast amb Llops\u00bb, mientras desde 2017 el primer s\u00e1bado de junio se organiza la degustaci\u00f3n popular Tastets de Gratallops &#8211; Feria de los Vinos de Gratallops, con la participaci\u00f3n de la mayor\u00eda de bodegas de Gratallops.<\/p>\n<\/div><div class=\"fusion-clearfix\"><\/div><\/div><\/div><div class=\"fusion-layout-column fusion_builder_column fusion-builder-column-6 fusion_builder_column_1_2 1_2 fusion-one-half fusion-column-last\" style=\"width:50%;width:calc(50% - ( ( 4% ) * 0.5 ) );margin-top:0px;margin-bottom:20px;\"><div class=\"fusion-column-wrapper fusion-flex-column-wrapper-legacy\" style=\"background-position:left top;background-repeat:no-repeat;-webkit-background-size:cover;-moz-background-size:cover;-o-background-size:cover;background-size:cover;padding: 0px 0px 0px 0px;\"><span class=\" fusion-imageframe imageframe-none imageframe-3 hover-type-none\"><img decoding=\"async\" width=\"640\" height=\"480\" title=\"tastetsgratallops2017 (19)\" src=\"https:\/\/www.doqpriorat.org\/wp-content\/uploads\/2019\/02\/tastetsgratallops2017-19.jpg\" class=\"img-responsive wp-image-2681\" srcset=\"https:\/\/www.doqpriorat.org\/wp-content\/uploads\/2019\/02\/tastetsgratallops2017-19-200x150.jpg 200w, https:\/\/www.doqpriorat.org\/wp-content\/uploads\/2019\/02\/tastetsgratallops2017-19-400x300.jpg 400w, https:\/\/www.doqpriorat.org\/wp-content\/uploads\/2019\/02\/tastetsgratallops2017-19-600x450.jpg 600w, https:\/\/www.doqpriorat.org\/wp-content\/uploads\/2019\/02\/tastetsgratallops2017-19.jpg 640w\" sizes=\"(max-width: 800px) 100vw, 600px\" \/><\/span><div class=\"fusion-clearfix\"><\/div><\/div><\/div><\/div><\/div><div class=\"fusion-fullwidth fullwidth-box fusion-builder-row-5 reverse-cols nonhundred-percent-fullwidth non-hundred-percent-height-scrolling\" style=\"background-color: #ffffff;background-position: center center;background-repeat: no-repeat;padding-top:0px;padding-right:0px;padding-bottom:0px;padding-left:0px;margin-bottom: 0px;margin-top: 0px;border-width: 0px 0px 0px 0px;border-color:#eae9e9;border-style:solid;\" ><div class=\"fusion-builder-row fusion-row\"><div class=\"fusion-layout-column fusion_builder_column fusion-builder-column-7 fusion_builder_column_1_2 1_2 fusion-one-half fusion-column-first\" style=\"width:50%;width:calc(50% - ( ( 4% ) * 0.5 ) );margin-right: 4%;margin-top:0px;margin-bottom:20px;\"><div class=\"fusion-column-wrapper fusion-flex-column-wrapper-legacy\" style=\"background-position:left top;background-repeat:no-repeat;-webkit-background-size:cover;-moz-background-size:cover;-o-background-size:cover;background-size:cover;padding: 0px 0px 0px 0px;\"><span class=\" fusion-imageframe imageframe-none imageframe-4 hover-type-none\"><img decoding=\"async\" width=\"640\" height=\"425\" title=\"ermitalaconsolacio\u0301idea\" src=\"https:\/\/www.doqpriorat.org\/wp-content\/uploads\/2019\/02\/ermitalaconsolacio\u0301idea.jpg\" class=\"img-responsive wp-image-2685\" srcset=\"https:\/\/www.doqpriorat.org\/wp-content\/uploads\/2019\/02\/ermitalaconsolacio\u0301idea-200x133.jpg 200w, https:\/\/www.doqpriorat.org\/wp-content\/uploads\/2019\/02\/ermitalaconsolacio\u0301idea-400x266.jpg 400w, https:\/\/www.doqpriorat.org\/wp-content\/uploads\/2019\/02\/ermitalaconsolacio\u0301idea-600x398.jpg 600w, https:\/\/www.doqpriorat.org\/wp-content\/uploads\/2019\/02\/ermitalaconsolacio\u0301idea.jpg 640w\" sizes=\"(max-width: 800px) 100vw, 600px\" \/><\/span><div class=\"fusion-clearfix\"><\/div><\/div><\/div><div class=\"fusion-layout-column fusion_builder_column fusion-builder-column-8 fusion_builder_column_1_2 1_2 fusion-one-half fusion-column-last\" style=\"width:50%;width:calc(50% - ( ( 4% ) * 0.5 ) );margin-top:0px;margin-bottom:20px;\"><div class=\"fusion-column-wrapper fusion-flex-column-wrapper-legacy\" style=\"background-position:left top;background-repeat:no-repeat;-webkit-background-size:cover;-moz-background-size:cover;-o-background-size:cover;background-size:cover;padding: 0px 0px 0px 0px;\"><div class=\"fusion-text fusion-text-5\"><h2>Lugares de inter\u00e9s<\/h2>\n<p>Entre los edificios m\u00e1s notables hay que rese\u00f1ar la iglesia parroquial de San Lorenzo, neocl\u00e1sica, del siglo XVIII, con tres naves, coro, cimborreo y campanario incorporado. Es interesante la Casa dels Frares (\u00abCasa de los Frayles\u00bb), antigua residencia de los monjes de Scala Dei, con portalada renacentista. Dentro del t\u00e9rmino municipal, hacia la carretera que lleva a la Vilella Baixa, se encuentra la ermita de la Mare de D\u00e9u de la Consolaci\u00f3, de mucha devoci\u00f3n y popularidad en toda la comarca. El edificio tiene una parte rom\u00e1nica que podria ser del siglo XII y otra parte a\u00f1adida de la segunda mitad del siglo XIV, construida en un estilo de transici\u00f3n del g\u00f3tico al renacentista.<\/p>\n<p><a href=\"http:\/\/www.gratallops.altanet.org\/\" target=\"_blank\" rel=\"noopener noreferrer\">Web Ajuntament de Gratallops<\/a><\/p>\n<\/div><div class=\"fusion-clearfix\"><\/div><\/div><\/div><\/div><\/div><div class=\"fusion-fullwidth fullwidth-box fusion-builder-row-6 nonhundred-percent-fullwidth non-hundred-percent-height-scrolling\" style=\"background-color: #ffffff;background-position: center center;background-repeat: no-repeat;padding-top:0px;padding-right:0px;padding-bottom:0px;padding-left:0px;margin-bottom: 0px;margin-top: 0px;border-width: 0px 0px 0px 0px;border-color:#eae9e9;border-style:solid;\" ><div class=\"fusion-builder-row fusion-row\"><div class=\"fusion-layout-column fusion_builder_column fusion-builder-column-9 fusion_builder_column_1_1 1_1 fusion-one-full fusion-column-first fusion-column-last\" style=\"margin-top:0px;margin-bottom:20px;\"><div class=\"fusion-column-wrapper fusion-flex-column-wrapper-legacy\" style=\"background-position:left top;background-repeat:no-repeat;-webkit-background-size:cover;-moz-background-size:cover;-o-background-size:cover;background-size:cover;padding: 0px 0px 0px 0px;\"><div class=\"fusion-text fusion-text-6\"><div class=\"doq-cellers-vila doq-margin-2\"><h2 class=\"aligncenter\">Bodegas en la vila de Gratallops\n<\/h2><div class=\"row\"><div class=\"col-md-3 col-sm-4 doq-col-xs-6 doq-mb-2\"><div class=\"doq-celler-small\"><div class=\"doq-img\"><a href=\"https:\/\/www.doqpriorat.org\/es\/bodegas\/alvaro-palacios-sl\/\"><img decoding=\"async\" src=\"https:\/\/www.doqpriorat.org\/intranet\/img\/cellers\/alvaro-palacios-final.png\" alt=\"Alvaro Palacios\" class=\"doq-foto-100\" \/><\/a><\/div><div class=\"doq-txt\"><div class=\"doq-tit\"><a href=\"https:\/\/www.doqpriorat.org\/es\/bodegas\/alvaro-palacios-sl\/\">Alvaro Palacios<\/a><\/div><div class=\"doq-vila\">Gratallops<\/div><\/div><\/div><\/div><div class=\"col-md-3 col-sm-4 doq-col-xs-6 doq-mb-2\"><div class=\"doq-celler-small\"><div class=\"doq-img\"><a href=\"https:\/\/www.doqpriorat.org\/es\/bodegas\/arrels-del-priorat-scp\/\"><img decoding=\"async\" src=\"https:\/\/www.doqpriorat.org\/intranet\/img\/cellers\/arrels-del-priorat-final.png\" alt=\"Arrels del Priorat\" class=\"doq-foto-100\" \/><\/a><\/div><div class=\"doq-txt\"><div class=\"doq-tit\"><a href=\"https:\/\/www.doqpriorat.org\/es\/bodegas\/arrels-del-priorat-scp\/\">Arrels del Priorat<\/a><\/div><div class=\"doq-vila\">Gratallops<\/div><\/div><\/div><\/div><div class=\"col-md-3 col-sm-4 doq-col-xs-6 doq-mb-2\"><div class=\"doq-celler-small\"><div class=\"doq-img\"><a href=\"https:\/\/www.doqpriorat.org\/es\/bodegas\/atavus-vines-s-l\/\"><img decoding=\"async\" src=\"https:\/\/www.doqpriorat.org\/intranet\/img\/cellers\/atavus-priorat-final.png\" alt=\"Atavus Vines\" class=\"doq-foto-100\" \/><\/a><\/div><div class=\"doq-txt\"><div class=\"doq-tit\"><a href=\"https:\/\/www.doqpriorat.org\/es\/bodegas\/atavus-vines-s-l\/\">Atavus Vines<\/a><\/div><div class=\"doq-vila\">Gratallops<\/div><\/div><\/div><\/div><div class=\"col-md-3 col-sm-4 doq-col-xs-6 doq-mb-2\"><div class=\"doq-celler-small\"><div class=\"doq-img\"><a href=\"https:\/\/www.doqpriorat.org\/es\/bodegas\/bodegas-bg\/\"><img decoding=\"async\" src=\"https:\/\/www.doqpriorat.org\/intranet\/img\/cellers\/bodegas-bg-final.png\" alt=\"Bodegas BG\" class=\"doq-foto-100\" \/><\/a><\/div><div class=\"doq-txt\"><div class=\"doq-tit\"><a href=\"https:\/\/www.doqpriorat.org\/es\/bodegas\/bodegas-bg\/\">Bodegas BG<\/a><\/div><div class=\"doq-vila\">Gratallops<\/div><\/div><\/div><\/div><div class=\"col-md-3 col-sm-4 doq-col-xs-6 doq-mb-2\"><div class=\"doq-celler-small\"><div class=\"doq-img\"><a href=\"https:\/\/www.doqpriorat.org\/es\/bodegas\/buil-gine-sl\/\"><img decoding=\"async\" src=\"https:\/\/www.doqpriorat.org\/intranet\/img\/cellers\/buil-gine-final.png\" alt=\"Buil & Gin\u00e9\" class=\"doq-foto-100\" \/><\/a><\/div><div class=\"doq-txt\"><div class=\"doq-tit\"><a href=\"https:\/\/www.doqpriorat.org\/es\/bodegas\/buil-gine-sl\/\">Buil & Gin\u00e9<\/a><\/div><div class=\"doq-vila\">Gratallops<\/div><\/div><\/div><\/div><div class=\"col-md-3 col-sm-4 doq-col-xs-6 doq-mb-2\"><div class=\"doq-celler-small\"><div class=\"doq-img\"><a href=\"https:\/\/www.doqpriorat.org\/es\/bodegas\/cal-batllet-celler-ripoll-sans\/\"><img decoding=\"async\" src=\"https:\/\/www.doqpriorat.org\/intranet\/img\/cellers\/cal-batllet-final.png\" alt=\"Cal Batllet - Celler Ripoll Sans\" class=\"doq-foto-100\" \/><\/a><\/div><div class=\"doq-txt\"><div class=\"doq-tit\"><a href=\"https:\/\/www.doqpriorat.org\/es\/bodegas\/cal-batllet-celler-ripoll-sans\/\">Cal Batllet - Celler Ripoll Sans<\/a><\/div><div class=\"doq-vila\">Gratallops<\/div><\/div><\/div><\/div><div class=\"col-md-3 col-sm-4 doq-col-xs-6 doq-mb-2\"><div class=\"doq-celler-small\"><div class=\"doq-img\"><a href=\"https:\/\/www.doqpriorat.org\/es\/bodegas\/balaguer-i-cabre-sl\/\"><img decoding=\"async\" src=\"https:\/\/www.doqpriorat.org\/intranet\/img\/cellers\/balaguer-i-cabre-final.png\" alt=\"Celler Balaguer i Cabr\u00e9\" class=\"doq-foto-100\" \/><\/a><\/div><div class=\"doq-txt\"><div class=\"doq-tit\"><a href=\"https:\/\/www.doqpriorat.org\/es\/bodegas\/balaguer-i-cabre-sl\/\">Celler Balaguer i Cabr\u00e9<\/a><\/div><div class=\"doq-vila\">Gratallops<\/div><\/div><\/div><\/div><div class=\"col-md-3 col-sm-4 doq-col-xs-6 doq-mb-2\"><div class=\"doq-celler-small\"><div class=\"doq-img\"><a href=\"https:\/\/www.doqpriorat.org\/es\/bodegas\/celler-cecilio-sl\/\"><img decoding=\"async\" src=\"https:\/\/www.doqpriorat.org\/intranet\/img\/cellers\/celler-cecilio-final.png\" alt=\"Celler Cecilio\" class=\"doq-foto-100\" \/><\/a><\/div><div class=\"doq-txt\"><div class=\"doq-tit\"><a href=\"https:\/\/www.doqpriorat.org\/es\/bodegas\/celler-cecilio-sl\/\">Celler Cecilio<\/a><\/div><div class=\"doq-vila\">Gratallops<\/div><\/div><\/div><\/div><div class=\"col-md-3 col-sm-4 doq-col-xs-6 doq-mb-2\"><div class=\"doq-celler-small\"><div class=\"doq-img\"><a href=\"https:\/\/www.doqpriorat.org\/es\/bodegas\/celler-cesca-vicent-sa\/\"><img decoding=\"async\" src=\"https:\/\/www.doqpriorat.org\/intranet\/img\/cellers\/celler-cesca-vicent-final.png\" alt=\"Celler Cesca Vicent\" class=\"doq-foto-100\" \/><\/a><\/div><div class=\"doq-txt\"><div class=\"doq-tit\"><a href=\"https:\/\/www.doqpriorat.org\/es\/bodegas\/celler-cesca-vicent-sa\/\">Celler Cesca Vicent<\/a><\/div><div class=\"doq-vila\">Gratallops<\/div><\/div><\/div><\/div><div class=\"col-md-3 col-sm-4 doq-col-xs-6 doq-mb-2\"><div class=\"doq-celler-small\"><div class=\"doq-img\"><a href=\"https:\/\/www.doqpriorat.org\/es\/bodegas\/devinssi-sl\/\"><img decoding=\"async\" src=\"https:\/\/www.doqpriorat.org\/intranet\/img\/cellers\/devinssi-final.png\" alt=\"Celler Devinssi\" class=\"doq-foto-100\" \/><\/a><\/div><div class=\"doq-txt\"><div class=\"doq-tit\"><a href=\"https:\/\/www.doqpriorat.org\/es\/bodegas\/devinssi-sl\/\">Celler Devinssi<\/a><\/div><div class=\"doq-vila\">Gratallops<\/div><\/div><\/div><\/div><div class=\"col-md-3 col-sm-4 doq-col-xs-6 doq-mb-2\"><div class=\"doq-celler-small\"><div class=\"doq-img\"><a href=\"https:\/\/www.doqpriorat.org\/es\/bodegas\/clos-de-lobac\/\"><img decoding=\"async\" src=\"https:\/\/www.doqpriorat.org\/intranet\/img\/cellers\/clos-de-lobac-final.png\" alt=\"Clos de l'Obac\" class=\"doq-foto-100\" \/><\/a><\/div><div class=\"doq-txt\"><div class=\"doq-tit\"><a href=\"https:\/\/www.doqpriorat.org\/es\/bodegas\/clos-de-lobac\/\">Clos de l'Obac<\/a><\/div><div class=\"doq-vila\">Gratallops<\/div><\/div><\/div><\/div><div class=\"col-md-3 col-sm-4 doq-col-xs-6 doq-mb-2\"><div class=\"doq-celler-small\"><div class=\"doq-img\"><a href=\"https:\/\/www.doqpriorat.org\/es\/bodegas\/clos-figueras-sa\/\"><img decoding=\"async\" src=\"https:\/\/www.doqpriorat.org\/intranet\/img\/cellers\/clos-figueras-final.png\" alt=\"Clos Figueras\" class=\"doq-foto-100\" \/><\/a><\/div><div class=\"doq-txt\"><div class=\"doq-tit\"><a href=\"https:\/\/www.doqpriorat.org\/es\/bodegas\/clos-figueras-sa\/\">Clos Figueras<\/a><\/div><div class=\"doq-vila\">Gratallops<\/div><\/div><\/div><\/div><div class=\"col-md-3 col-sm-4 doq-col-xs-6 doq-mb-2\"><div class=\"doq-celler-small\"><div class=\"doq-img\"><a href=\"https:\/\/www.doqpriorat.org\/es\/bodegas\/clos-i-terrasses\/\"><img decoding=\"async\" src=\"https:\/\/www.doqpriorat.org\/intranet\/img\/cellers\/clos-i-terrasses-final.png\" alt=\"Clos i Terrasses\" class=\"doq-foto-100\" \/><\/a><\/div><div class=\"doq-txt\"><div class=\"doq-tit\"><a href=\"https:\/\/www.doqpriorat.org\/es\/bodegas\/clos-i-terrasses\/\">Clos i Terrasses<\/a><\/div><div class=\"doq-vila\">Gratallops<\/div><\/div><\/div><\/div><div class=\"col-md-3 col-sm-4 doq-col-xs-6 doq-mb-2\"><div class=\"doq-celler-small\"><div class=\"doq-img\"><a href=\"https:\/\/www.doqpriorat.org\/es\/bodegas\/clos-mogador-sl\/\"><img decoding=\"async\" src=\"https:\/\/www.doqpriorat.org\/intranet\/img\/cellers\/clos-mogador-final.png\" alt=\"Clos Mogador\" class=\"doq-foto-100\" \/><\/a><\/div><div class=\"doq-txt\"><div class=\"doq-tit\"><a href=\"https:\/\/www.doqpriorat.org\/es\/bodegas\/clos-mogador-sl\/\">Clos Mogador<\/a><\/div><div class=\"doq-vila\">Gratallops<\/div><\/div><\/div><\/div><div class=\"col-md-3 col-sm-4 doq-col-xs-6 doq-mb-2\"><div class=\"doq-celler-small\"><div class=\"doq-img\"><a href=\"https:\/\/www.doqpriorat.org\/es\/bodegas\/clos-pachem\/\"><img decoding=\"async\" src=\"https:\/\/www.doqpriorat.org\/intranet\/img\/cellers\/captura-de-pantalla-2020-05-08-a-las-10.20.09.png\" alt=\"Clos Pachem\" class=\"doq-foto-100\" \/><\/a><\/div><div class=\"doq-txt\"><div class=\"doq-tit\"><a href=\"https:\/\/www.doqpriorat.org\/es\/bodegas\/clos-pachem\/\">Clos Pachem<\/a><\/div><div class=\"doq-vila\">Gratallops<\/div><\/div><\/div><\/div><div class=\"col-md-3 col-sm-4 doq-col-xs-6 doq-mb-2\"><div class=\"doq-celler-small\"><div class=\"doq-img\"><a href=\"https:\/\/www.doqpriorat.org\/es\/bodegas\/en-numeros-vermells\/\"><img decoding=\"async\" src=\"https:\/\/www.doqpriorat.org\/wp-content\/plugins\/doq-intranet\/img\/celler.jpg\" alt=\"En N\u00fameros Vermells\" class=\"doq-foto-100\" \/><\/a><\/div><div class=\"doq-txt\"><div class=\"doq-tit\"><a href=\"https:\/\/www.doqpriorat.org\/es\/bodegas\/en-numeros-vermells\/\">En N\u00fameros Vermells<\/a><\/div><div class=\"doq-vila\">Gratallops<\/div><\/div><\/div><\/div><div class=\"col-md-3 col-sm-4 doq-col-xs-6 doq-mb-2\"><div class=\"doq-celler-small\"><div class=\"doq-img\"><a href=\"https:\/\/www.doqpriorat.org\/es\/bodegas\/gratavinum-sl\/\"><img decoding=\"async\" src=\"https:\/\/www.doqpriorat.org\/intranet\/img\/cellers\/gratavinum-priorat-2-.jpg\" alt=\"Gratavinum\" class=\"doq-foto-100\" \/><\/a><\/div><div class=\"doq-txt\"><div class=\"doq-tit\"><a href=\"https:\/\/www.doqpriorat.org\/es\/bodegas\/gratavinum-sl\/\">Gratavinum<\/a><\/div><div class=\"doq-vila\">Gratallops<\/div><\/div><\/div><\/div><div class=\"col-md-3 col-sm-4 doq-col-xs-6 doq-mb-2\"><div class=\"doq-celler-small\"><div class=\"doq-img\"><a href=\"https:\/\/www.doqpriorat.org\/es\/bodegas\/josep-grau-viticultors-sl\/\"><img decoding=\"async\" src=\"https:\/\/www.doqpriorat.org\/intranet\/img\/cellers\/josep-grau-viticultor-final.png\" alt=\"Josep Grau Viticultor\" class=\"doq-foto-100\" \/><\/a><\/div><div class=\"doq-txt\"><div class=\"doq-tit\"><a href=\"https:\/\/www.doqpriorat.org\/es\/bodegas\/josep-grau-viticultors-sl\/\">Josep Grau Viticultor<\/a><\/div><div class=\"doq-vila\">Gratallops<\/div><\/div><\/div><\/div><div class=\"col-md-3 col-sm-4 doq-col-xs-6 doq-mb-2\"><div class=\"doq-celler-small\"><div class=\"doq-img\"><a href=\"https:\/\/www.doqpriorat.org\/es\/bodegas\/la-cassola-del-priorat-sl\/\"><img decoding=\"async\" src=\"https:\/\/www.doqpriorat.org\/wp-content\/plugins\/doq-intranet\/img\/celler.jpg\" alt=\"La Cassola del Priorat\" class=\"doq-foto-100\" \/><\/a><\/div><div class=\"doq-txt\"><div class=\"doq-tit\"><a href=\"https:\/\/www.doqpriorat.org\/es\/bodegas\/la-cassola-del-priorat-sl\/\">La Cassola del Priorat<\/a><\/div><div class=\"doq-vila\">Gratallops<\/div><\/div><\/div><\/div><div class=\"col-md-3 col-sm-4 doq-col-xs-6 doq-mb-2\"><div class=\"doq-celler-small\"><div class=\"doq-img\"><a href=\"https:\/\/www.doqpriorat.org\/es\/bodegas\/mas-igneus\/\"><img decoding=\"async\" src=\"https:\/\/www.doqpriorat.org\/intranet\/img\/cellers\/mas-igneus-final.png\" alt=\"Mas Igneus\" class=\"doq-foto-100\" \/><\/a><\/div><div class=\"doq-txt\"><div class=\"doq-tit\"><a href=\"https:\/\/www.doqpriorat.org\/es\/bodegas\/mas-igneus\/\">Mas Igneus<\/a><\/div><div class=\"doq-vila\">Gratallops<\/div><\/div><\/div><\/div><div class=\"col-md-3 col-sm-4 doq-col-xs-6 doq-mb-2\"><div class=\"doq-celler-small\"><div class=\"doq-img\"><a href=\"https:\/\/www.doqpriorat.org\/es\/bodegas\/mas-martinet-viticultors-sl\/\"><img decoding=\"async\" src=\"https:\/\/www.doqpriorat.org\/intranet\/img\/cellers\/mas-martinet-viticultors-final.png\" alt=\"Mas Martinet Viticultors\" class=\"doq-foto-100\" \/><\/a><\/div><div class=\"doq-txt\"><div class=\"doq-tit\"><a href=\"https:\/\/www.doqpriorat.org\/es\/bodegas\/mas-martinet-viticultors-sl\/\">Mas Martinet Viticultors<\/a><\/div><div class=\"doq-vila\">Falset<\/div><\/div><\/div><\/div><div class=\"col-md-3 col-sm-4 doq-col-xs-6 doq-mb-2\"><div class=\"doq-celler-small\"><div class=\"doq-img\"><a href=\"https:\/\/www.doqpriorat.org\/es\/bodegas\/meritxell-palleja-slu\/\"><img decoding=\"async\" src=\"https:\/\/www.doqpriorat.org\/intranet\/img\/cellers\/foto-aigua-s.jpg\" alt=\"Meritxell Pallej\u00e0\" class=\"doq-foto-100\" \/><\/a><\/div><div class=\"doq-txt\"><div class=\"doq-tit\"><a href=\"https:\/\/www.doqpriorat.org\/es\/bodegas\/meritxell-palleja-slu\/\">Meritxell Pallej\u00e0<\/a><\/div><div class=\"doq-vila\">Gratallops<\/div><\/div><\/div><\/div><div class=\"col-md-3 col-sm-4 doq-col-xs-6 doq-mb-2\"><div class=\"doq-celler-small\"><div class=\"doq-img\"><a href=\"https:\/\/www.doqpriorat.org\/es\/bodegas\/miguel-caldentey-cabre\/\"><img decoding=\"async\" src=\"https:\/\/www.doqpriorat.org\/wp-content\/plugins\/doq-intranet\/img\/celler.jpg\" alt=\"Miguel Caldentey Cabr\u00e9\" class=\"doq-foto-100\" \/><\/a><\/div><div class=\"doq-txt\"><div class=\"doq-tit\"><a href=\"https:\/\/www.doqpriorat.org\/es\/bodegas\/miguel-caldentey-cabre\/\">Miguel Caldentey Cabr\u00e9<\/a><\/div><div class=\"doq-vila\">Gratallops<\/div><\/div><\/div><\/div><div class=\"col-md-3 col-sm-4 doq-col-xs-6 doq-mb-2\"><div class=\"doq-celler-small\"><div class=\"doq-img\"><a href=\"https:\/\/www.doqpriorat.org\/es\/bodegas\/sao-del-coster\/\"><img decoding=\"async\" src=\"https:\/\/www.doqpriorat.org\/intranet\/img\/cellers\/bodega-02.png\" alt=\"Sa\u00f3 del Coster\" class=\"doq-foto-100\" \/><\/a><\/div><div class=\"doq-txt\"><div class=\"doq-tit\"><a href=\"https:\/\/www.doqpriorat.org\/es\/bodegas\/sao-del-coster\/\">Sa\u00f3 del Coster<\/a><\/div><div class=\"doq-vila\">Gratallops<\/div><\/div><\/div><\/div><div class=\"col-md-3 col-sm-4 doq-col-xs-6 doq-mb-2\"><div class=\"doq-celler-small\"><div class=\"doq-img\"><a href=\"https:\/\/www.doqpriorat.org\/es\/bodegas\/trossos-del-priorat\/\"><img decoding=\"async\" src=\"https:\/\/www.doqpriorat.org\/intranet\/img\/cellers\/trossos-del-priorat-final.png\" alt=\"Trossos del Priorat\" class=\"doq-foto-100\" \/><\/a><\/div><div class=\"doq-txt\"><div class=\"doq-tit\"><a href=\"https:\/\/www.doqpriorat.org\/es\/bodegas\/trossos-del-priorat\/\">Trossos del Priorat<\/a><\/div><div class=\"doq-vila\">Gratallops<\/div><\/div><\/div><\/div><div class=\"col-md-3 col-sm-4 doq-col-xs-6 doq-mb-2\"><div class=\"doq-celler-small\"><div class=\"doq-img\"><a href=\"https:\/\/www.doqpriorat.org\/es\/bodegas\/vinicola-del-priorat-sccl\/\"><img decoding=\"async\" src=\"https:\/\/www.doqpriorat.org\/intranet\/img\/cellers\/vinicola-del-priorat-final.png\" alt=\"Vin\u00edcola del Priorat\" class=\"doq-foto-100\" \/><\/a><\/div><div class=\"doq-txt\"><div class=\"doq-tit\"><a href=\"https:\/\/www.doqpriorat.org\/es\/bodegas\/vinicola-del-priorat-sccl\/\">Vin\u00edcola del Priorat<\/a><\/div><div class=\"doq-vila\">Gratallops<\/div><\/div><\/div><\/div><\/div><\/div>\n<\/div><div class=\"fusion-clearfix\"><\/div><\/div><\/div><\/div><\/div><\/p>\n","protected":false},"excerpt":{"rendered":"","protected":false},"author":1,"featured_media":0,"parent":2950,"menu_order":0,"comment_status":"closed","ping_status":"closed","template":"","meta":{"footnotes":""},"class_list":["post-2993","page","type-page","status-publish","hentry"],"yoast_head":"<!-- This site is optimized with the Yoast SEO plugin v27.5 - https:\/\/yoast.com\/product\/yoast-seo-wordpress\/ -->\n<title>Gratallops - Consell Regulador de la DOQ Priorat<\/title>\n<meta name=\"robots\" content=\"index, follow, max-snippet:-1, max-image-preview:large, max-video-preview:-1\" \/>\n<link rel=\"canonical\" href=\"https:\/\/www.doqpriorat.org\/es\/las-villas\/gratallops\/\" \/>\n<meta property=\"og:locale\" content=\"es_ES\" \/>\n<meta property=\"og:type\" content=\"article\" \/>\n<meta property=\"og:title\" content=\"Gratallops - Consell Regulador de la DOQ Priorat\" \/>\n<meta property=\"og:url\" content=\"https:\/\/www.doqpriorat.org\/es\/las-villas\/gratallops\/\" \/>\n<meta property=\"og:site_name\" content=\"Consell Regulador de la DOQ Priorat\" \/>\n<meta property=\"article:modified_time\" content=\"2019-03-25T11:28:24+00:00\" \/>\n<meta name=\"twitter:card\" content=\"summary_large_image\" \/>\n<meta name=\"twitter:label1\" content=\"Tiempo de lectura\" \/>\n\t<meta name=\"twitter:data1\" content=\"11 minutos\" \/>\n<script type=\"application\/ld+json\" class=\"yoast-schema-graph\">{\"@context\":\"https:\\\/\\\/schema.org\",\"@graph\":[{\"@type\":\"WebPage\",\"@id\":\"https:\\\/\\\/www.doqpriorat.org\\\/es\\\/las-villas\\\/gratallops\\\/\",\"url\":\"https:\\\/\\\/www.doqpriorat.org\\\/es\\\/las-villas\\\/gratallops\\\/\",\"name\":\"Gratallops - Consell Regulador de la DOQ Priorat\",\"isPartOf\":{\"@id\":\"https:\\\/\\\/www.doqpriorat.org\\\/#website\"},\"datePublished\":\"2019-01-22T11:05:30+00:00\",\"dateModified\":\"2019-03-25T11:28:24+00:00\",\"breadcrumb\":{\"@id\":\"https:\\\/\\\/www.doqpriorat.org\\\/es\\\/las-villas\\\/gratallops\\\/#breadcrumb\"},\"inLanguage\":\"es\",\"potentialAction\":[{\"@type\":\"ReadAction\",\"target\":[\"https:\\\/\\\/www.doqpriorat.org\\\/es\\\/las-villas\\\/gratallops\\\/\"]}]},{\"@type\":\"BreadcrumbList\",\"@id\":\"https:\\\/\\\/www.doqpriorat.org\\\/es\\\/las-villas\\\/gratallops\\\/#breadcrumb\",\"itemListElement\":[{\"@type\":\"ListItem\",\"position\":1,\"name\":\"Inici\",\"item\":\"https:\\\/\\\/www.doqpriorat.org\\\/es\\\/\"},{\"@type\":\"ListItem\",\"position\":2,\"name\":\"Las Villas\",\"item\":\"https:\\\/\\\/www.doqpriorat.org\\\/es\\\/las-villas\\\/\"},{\"@type\":\"ListItem\",\"position\":3,\"name\":\"Gratallops\"}]},{\"@type\":\"WebSite\",\"@id\":\"https:\\\/\\\/www.doqpriorat.org\\\/#website\",\"url\":\"https:\\\/\\\/www.doqpriorat.org\\\/\",\"name\":\"Consell Regulador de la DOQ Priorat\",\"description\":\"Altre lloc gestionat amb el WordPress\",\"potentialAction\":[{\"@type\":\"SearchAction\",\"target\":{\"@type\":\"EntryPoint\",\"urlTemplate\":\"https:\\\/\\\/www.doqpriorat.org\\\/?s={search_term_string}\"},\"query-input\":{\"@type\":\"PropertyValueSpecification\",\"valueRequired\":true,\"valueName\":\"search_term_string\"}}],\"inLanguage\":\"es\"}]}<\/script>\n<!-- \/ Yoast SEO plugin. -->","yoast_head_json":{"title":"Gratallops - Consell Regulador de la DOQ Priorat","robots":{"index":"index","follow":"follow","max-snippet":"max-snippet:-1","max-image-preview":"max-image-preview:large","max-video-preview":"max-video-preview:-1"},"canonical":"https:\/\/www.doqpriorat.org\/es\/las-villas\/gratallops\/","og_locale":"es_ES","og_type":"article","og_title":"Gratallops - Consell Regulador de la DOQ Priorat","og_url":"https:\/\/www.doqpriorat.org\/es\/las-villas\/gratallops\/","og_site_name":"Consell Regulador de la DOQ Priorat","article_modified_time":"2019-03-25T11:28:24+00:00","twitter_card":"summary_large_image","twitter_misc":{"Tiempo de lectura":"11 minutos"},"schema":{"@context":"https:\/\/schema.org","@graph":[{"@type":"WebPage","@id":"https:\/\/www.doqpriorat.org\/es\/las-villas\/gratallops\/","url":"https:\/\/www.doqpriorat.org\/es\/las-villas\/gratallops\/","name":"Gratallops - Consell Regulador de la DOQ Priorat","isPartOf":{"@id":"https:\/\/www.doqpriorat.org\/#website"},"datePublished":"2019-01-22T11:05:30+00:00","dateModified":"2019-03-25T11:28:24+00:00","breadcrumb":{"@id":"https:\/\/www.doqpriorat.org\/es\/las-villas\/gratallops\/#breadcrumb"},"inLanguage":"es","potentialAction":[{"@type":"ReadAction","target":["https:\/\/www.doqpriorat.org\/es\/las-villas\/gratallops\/"]}]},{"@type":"BreadcrumbList","@id":"https:\/\/www.doqpriorat.org\/es\/las-villas\/gratallops\/#breadcrumb","itemListElement":[{"@type":"ListItem","position":1,"name":"Inici","item":"https:\/\/www.doqpriorat.org\/es\/"},{"@type":"ListItem","position":2,"name":"Las Villas","item":"https:\/\/www.doqpriorat.org\/es\/las-villas\/"},{"@type":"ListItem","position":3,"name":"Gratallops"}]},{"@type":"WebSite","@id":"https:\/\/www.doqpriorat.org\/#website","url":"https:\/\/www.doqpriorat.org\/","name":"Consell Regulador de la DOQ Priorat","description":"Altre lloc gestionat amb el WordPress","potentialAction":[{"@type":"SearchAction","target":{"@type":"EntryPoint","urlTemplate":"https:\/\/www.doqpriorat.org\/?s={search_term_string}"},"query-input":{"@type":"PropertyValueSpecification","valueRequired":true,"valueName":"search_term_string"}}],"inLanguage":"es"}]}},"_links":{"self":[{"href":"https:\/\/www.doqpriorat.org\/es\/wp-json\/wp\/v2\/pages\/2993","targetHints":{"allow":["GET"]}}],"collection":[{"href":"https:\/\/www.doqpriorat.org\/es\/wp-json\/wp\/v2\/pages"}],"about":[{"href":"https:\/\/www.doqpriorat.org\/es\/wp-json\/wp\/v2\/types\/page"}],"author":[{"embeddable":true,"href":"https:\/\/www.doqpriorat.org\/es\/wp-json\/wp\/v2\/users\/1"}],"replies":[{"embeddable":true,"href":"https:\/\/www.doqpriorat.org\/es\/wp-json\/wp\/v2\/comments?post=2993"}],"version-history":[{"count":5,"href":"https:\/\/www.doqpriorat.org\/es\/wp-json\/wp\/v2\/pages\/2993\/revisions"}],"predecessor-version":[{"id":3374,"href":"https:\/\/www.doqpriorat.org\/es\/wp-json\/wp\/v2\/pages\/2993\/revisions\/3374"}],"up":[{"embeddable":true,"href":"https:\/\/www.doqpriorat.org\/es\/wp-json\/wp\/v2\/pages\/2950"}],"wp:attachment":[{"href":"https:\/\/www.doqpriorat.org\/es\/wp-json\/wp\/v2\/media?parent=2993"}],"curies":[{"name":"wp","href":"https:\/\/api.w.org\/{rel}","templated":true}]}}