{"id":3006,"date":"2019-01-22T13:30:42","date_gmt":"2019-01-22T11:30:42","guid":{"rendered":"https:\/\/www.doqpriorat.org\/les-viles\/porrera\/"},"modified":"2019-03-18T16:41:15","modified_gmt":"2019-03-18T14:41:15","slug":"porrera","status":"publish","type":"page","link":"https:\/\/www.doqpriorat.org\/es\/las-villas\/porrera\/","title":{"rendered":"Porrera"},"content":{"rendered":"<p><div class=\"fusion-fullwidth fullwidth-box fusion-builder-row-1 nonhundred-percent-fullwidth non-hundred-percent-height-scrolling\" style=\"background-color: #ffffff;background-position: center center;background-repeat: no-repeat;padding-top:0px;padding-right:0px;padding-bottom:0px;padding-left:0px;margin-bottom: 0px;margin-top: 0px;border-width: 0px 0px 0px 0px;border-color:#eae9e9;border-style:solid;\" ><div class=\"fusion-builder-row fusion-row\"><div class=\"fusion-layout-column fusion_builder_column fusion-builder-column-0 fusion_builder_column_1_1 1_1 fusion-one-full fusion-column-first fusion-column-last\" style=\"margin-top:0px;margin-bottom:20px;\"><div class=\"fusion-column-wrapper fusion-flex-column-wrapper-legacy\" style=\"background-position:left top;background-repeat:no-repeat;-webkit-background-size:cover;-moz-background-size:cover;-o-background-size:cover;background-size:cover;padding: 0px 0px 0px 0px;\"><span class=\" fusion-imageframe imageframe-none imageframe-1 hover-type-none\"><img decoding=\"async\" width=\"1200\" height=\"300\" title=\"Porrera FINAL\" src=\"https:\/\/www.doqpriorat.org\/wp-content\/uploads\/2019\/03\/Porrera-FINAL.png\" class=\"img-responsive wp-image-3141\" srcset=\"https:\/\/www.doqpriorat.org\/wp-content\/uploads\/2019\/03\/Porrera-FINAL-200x50.png 200w, https:\/\/www.doqpriorat.org\/wp-content\/uploads\/2019\/03\/Porrera-FINAL-400x100.png 400w, https:\/\/www.doqpriorat.org\/wp-content\/uploads\/2019\/03\/Porrera-FINAL-600x150.png 600w, https:\/\/www.doqpriorat.org\/wp-content\/uploads\/2019\/03\/Porrera-FINAL-800x200.png 800w, https:\/\/www.doqpriorat.org\/wp-content\/uploads\/2019\/03\/Porrera-FINAL.png 1200w\" sizes=\"(max-width: 800px) 100vw, 1200px\" \/><\/span><div class=\"fusion-clearfix\"><\/div><\/div><\/div><\/div><\/div><div class=\"fusion-fullwidth fullwidth-box fusion-builder-row-2 nonhundred-percent-fullwidth non-hundred-percent-height-scrolling\" style=\"background-color: #ffffff;background-position: center center;background-repeat: no-repeat;padding-top:0px;padding-right:0px;padding-bottom:0px;padding-left:0px;margin-bottom: 0px;margin-top: 0px;border-width: 0px 0px 0px 0px;border-color:#eae9e9;border-style:solid;\" ><div class=\"fusion-builder-row fusion-row\"><div class=\"fusion-layout-column fusion_builder_column fusion-builder-column-1 fusion_builder_column_1_2 1_2 fusion-one-half fusion-column-first\" style=\"width:50%;width:calc(50% - ( ( 4% ) * 0.5 ) );margin-right: 4%;margin-top:0px;margin-bottom:20px;\"><div class=\"fusion-column-wrapper fusion-flex-column-wrapper-legacy\" style=\"background-position:left top;background-repeat:no-repeat;-webkit-background-size:cover;-moz-background-size:cover;-o-background-size:cover;background-size:cover;padding: 0px 0px 0px 0px;\"><div class=\"fusion-text fusion-text-1\"><h2>Situaci\u00f3n<\/h2>\n<p>Altitud: 316 m. Superficie: 28,80 ha. Poblaci\u00f3n: 445 h. El pueblo de Porrera est\u00e1 \u00edntimamente ligado al valle del r\u00edo Cortiella. Dispuesto al fondo del valle, en un punto donde el valle se abre un poco al encontrarse con el barranco de la Teixeta, su visi\u00f3n desde el \u00abcoll\u00bb major viniendo de Falset es como si hubiese rodado monta\u00f1a abajo hasta quedar asentado sobre la vertiente soleada del r\u00edo, a cobijo de los vientos del norte y bajo la mirada de la sierra del Moll\u00f3. Su t\u00e9rmino municipal se extiende por todo el valle del r\u00edo.<\/p>\n<\/div><div class=\"fusion-clearfix\"><\/div><\/div><\/div><div class=\"fusion-layout-column fusion_builder_column fusion-builder-column-2 fusion_builder_column_1_2 1_2 fusion-one-half fusion-column-last\" style=\"width:50%;width:calc(50% - ( ( 4% ) * 0.5 ) );margin-top:0px;margin-bottom:20px;\"><div class=\"fusion-column-wrapper fusion-flex-column-wrapper-legacy\" style=\"background-position:left top;background-repeat:no-repeat;-webkit-background-size:cover;-moz-background-size:cover;-o-background-size:cover;background-size:cover;padding: 0px 0px 0px 0px;\"><div class=\"fusion-text fusion-text-2\"><p><iframe style=\"border: 0;\" src=\"https:\/\/www.google.com\/maps\/embed?pb=!1m18!1m12!1m3!1d3002.5472934438644!2d0.8538024012016964!3d41.18804026619021!2m3!1f0!2f0!3f0!3m2!1i1024!2i768!4f13.1!3m3!1m2!1s0x12a1369a8f1c439f%3A0xfd1bc562aa84e439!2s43739+Porrera%2C+Tarragona!5e0!3m2!1sca!2ses!4v1548156477539\" width=\"100%\" height=\"300\" frameborder=\"0\" allowfullscreen=\"allowfullscreen\"><\/iframe><\/p>\n<\/div><div class=\"fusion-clearfix\"><\/div><\/div><\/div><\/div><\/div><div class=\"fusion-fullwidth fullwidth-box fusion-builder-row-3 reverse-cols nonhundred-percent-fullwidth non-hundred-percent-height-scrolling\" style=\"background-color: #ffffff;background-position: center center;background-repeat: no-repeat;padding-top:0px;padding-right:0px;padding-bottom:0px;padding-left:0px;margin-bottom: 0px;margin-top: 0px;border-width: 0px 0px 0px 0px;border-color:#eae9e9;border-style:solid;\" ><div class=\"fusion-builder-row fusion-row\"><div class=\"fusion-layout-column fusion_builder_column fusion-builder-column-3 fusion_builder_column_1_2 1_2 fusion-one-half fusion-column-first\" style=\"width:50%;width:calc(50% - ( ( 4% ) * 0.5 ) );margin-right: 4%;margin-top:0px;margin-bottom:20px;\"><div class=\"fusion-column-wrapper fusion-flex-column-wrapper-legacy\" style=\"background-position:left top;background-repeat:no-repeat;-webkit-background-size:cover;-moz-background-size:cover;-o-background-size:cover;background-size:cover;padding: 0px 0px 0px 0px;\"><span class=\" fusion-imageframe imageframe-none imageframe-2 hover-type-none\"><img decoding=\"async\" width=\"640\" height=\"437\" title=\"porrerafreda\" src=\"https:\/\/www.doqpriorat.org\/wp-content\/uploads\/2019\/02\/porrerafreda.jpg\" class=\"img-responsive wp-image-2740\" srcset=\"https:\/\/www.doqpriorat.org\/wp-content\/uploads\/2019\/02\/porrerafreda-200x137.jpg 200w, https:\/\/www.doqpriorat.org\/wp-content\/uploads\/2019\/02\/porrerafreda-400x273.jpg 400w, https:\/\/www.doqpriorat.org\/wp-content\/uploads\/2019\/02\/porrerafreda-600x410.jpg 600w, https:\/\/www.doqpriorat.org\/wp-content\/uploads\/2019\/02\/porrerafreda.jpg 640w\" sizes=\"(max-width: 800px) 100vw, 600px\" \/><\/span><div class=\"fusion-clearfix\"><\/div><\/div><\/div><div class=\"fusion-layout-column fusion_builder_column fusion-builder-column-4 fusion_builder_column_1_2 1_2 fusion-one-half fusion-column-last\" style=\"width:50%;width:calc(50% - ( ( 4% ) * 0.5 ) );margin-top:0px;margin-bottom:20px;\"><div class=\"fusion-column-wrapper fusion-flex-column-wrapper-legacy\" style=\"background-position:left top;background-repeat:no-repeat;-webkit-background-size:cover;-moz-background-size:cover;-o-background-size:cover;background-size:cover;padding: 0px 0px 0px 0px;\"><div class=\"fusion-text fusion-text-3\"><h2>Historia<\/h2>\n<p>La historia de Porrera est\u00e1 vinculada a hechos convulsos y gestas valerosas, y por ello tiene fama de \u00abvilla liberal e insurrecta\u00bb, siempre volcada en la defensa de las causas democr\u00e1ticas y en contra de las imposiciones autoritarias. Ya en 1462 defendi\u00f3 a la Generalitat frente al rey, en la guerra de Sucesi\u00f3n contra las tropas borb\u00f3nicas, en el bandolerismo del siglo XVI contra la realeza, contra las fuerzas napole\u00f3nicas a principios del siglo XIX y contra los absolutistas que en 1822 quemaron el pueblo por tercera vez en la historia.<\/p>\n<p>El origen de la poblaci\u00f3n como tal se remonta a 1201, cuando est\u00e1 documentada la carta de poblaci\u00f3n para los habitantes del lugar de \u00abValporrieram\u00bb.<\/p>\n<p>El cultivo de la vi\u00f1a le ha otorgado desde siempre la riqueza, y prueba de ello es la gran cantidad de casas acomodadas de la poblaci\u00f3n, as\u00ed como su car\u00e1cter m\u00e1s urbano a ra\u00edz del importante comercio del vino de los siglos XVIII y XIX.<\/p>\n<\/div><div class=\"fusion-clearfix\"><\/div><\/div><\/div><\/div><\/div><div class=\"fusion-fullwidth fullwidth-box fusion-builder-row-4 nonhundred-percent-fullwidth non-hundred-percent-height-scrolling\" style=\"background-color: #ffffff;background-position: center center;background-repeat: no-repeat;padding-top:0px;padding-right:0px;padding-bottom:0px;padding-left:0px;margin-bottom: 0px;margin-top: 0px;border-width: 0px 0px 0px 0px;border-color:#eae9e9;border-style:solid;\" ><div class=\"fusion-builder-row fusion-row\"><div class=\"fusion-layout-column fusion_builder_column fusion-builder-column-5 fusion_builder_column_1_2 1_2 fusion-one-half fusion-column-first\" style=\"width:50%;width:calc(50% - ( ( 4% ) * 0.5 ) );margin-right: 4%;margin-top:0px;margin-bottom:20px;\"><div class=\"fusion-column-wrapper fusion-flex-column-wrapper-legacy\" style=\"background-position:left top;background-repeat:no-repeat;-webkit-background-size:cover;-moz-background-size:cover;-o-background-size:cover;background-size:cover;padding: 0px 0px 0px 0px;\"><div class=\"fusion-text fusion-text-4\"><h2>Fiestas y costumbres<\/h2>\n<p>La costumbre m\u00e1s t\u00edpica es la del \u00abd\u00eda del rotllo\u00bb, un pastel t\u00edpico que se consume con \u00abmenjar blanc\u00bb (un postre de crema de almendras) que se consume por San Blas, as\u00ed como tambi\u00e9n la fiesta de San Antonio, d\u00eda en que se sube algun mulo a la ermita del mismo santo para bendecirlo. Las fiestas mayores son por San Juan Evangelista, llamado \u00abde la cerecita\u00bb, en mayo, y por San Francisco de As\u00eds, en octubre, fiesta que se traslad\u00f3 a noviembre para hacerla coincidir con el fin de la vendimia y se pod\u00eda celebrar la cosecha. Una fiesta en que destaca el tradicional reparto de \u00abcoques\u00bb (bizcochos) por las calles del pueblo. El segundo s\u00e1bado de noviembre tiene lugar Tasta Porrera, una muestra y degustaci\u00f3n de vinos y gastronom\u00eda locales. En mayo, en el marco de la Feria del Vino de Falset, tiene lugar el Tast de Carinyenes a Porrera.<\/p>\n<\/div><div class=\"fusion-clearfix\"><\/div><\/div><\/div><div class=\"fusion-layout-column fusion_builder_column fusion-builder-column-6 fusion_builder_column_1_2 1_2 fusion-one-half fusion-column-last\" style=\"width:50%;width:calc(50% - ( ( 4% ) * 0.5 ) );margin-top:0px;margin-bottom:20px;\"><div class=\"fusion-column-wrapper fusion-flex-column-wrapper-legacy\" style=\"background-position:left top;background-repeat:no-repeat;-webkit-background-size:cover;-moz-background-size:cover;-o-background-size:cover;background-size:cover;padding: 0px 0px 0px 0px;\"><span class=\" fusion-imageframe imageframe-none imageframe-3 hover-type-none\"><img decoding=\"async\" width=\"2048\" height=\"1536\" title=\"TastaPorrera\" src=\"https:\/\/www.doqpriorat.org\/wp-content\/uploads\/2019\/02\/TastaPorrera.jpeg\" class=\"img-responsive wp-image-2743\" srcset=\"https:\/\/www.doqpriorat.org\/wp-content\/uploads\/2019\/02\/TastaPorrera-200x150.jpeg 200w, https:\/\/www.doqpriorat.org\/wp-content\/uploads\/2019\/02\/TastaPorrera-400x300.jpeg 400w, https:\/\/www.doqpriorat.org\/wp-content\/uploads\/2019\/02\/TastaPorrera-600x450.jpeg 600w, https:\/\/www.doqpriorat.org\/wp-content\/uploads\/2019\/02\/TastaPorrera-800x600.jpeg 800w, https:\/\/www.doqpriorat.org\/wp-content\/uploads\/2019\/02\/TastaPorrera-1200x900.jpeg 1200w, https:\/\/www.doqpriorat.org\/wp-content\/uploads\/2019\/02\/TastaPorrera.jpeg 2048w\" sizes=\"(max-width: 800px) 100vw, 600px\" \/><\/span><div class=\"fusion-clearfix\"><\/div><\/div><\/div><\/div><\/div><div class=\"fusion-fullwidth fullwidth-box fusion-builder-row-5 reverse-cols nonhundred-percent-fullwidth non-hundred-percent-height-scrolling\" style=\"background-color: #ffffff;background-position: center center;background-repeat: no-repeat;padding-top:0px;padding-right:0px;padding-bottom:0px;padding-left:0px;margin-bottom: 0px;margin-top: 0px;border-width: 0px 0px 0px 0px;border-color:#eae9e9;border-style:solid;\" ><div class=\"fusion-builder-row fusion-row\"><div class=\"fusion-layout-column fusion_builder_column fusion-builder-column-7 fusion_builder_column_1_2 1_2 fusion-one-half fusion-column-first\" style=\"width:50%;width:calc(50% - ( ( 4% ) * 0.5 ) );margin-right: 4%;margin-top:0px;margin-bottom:20px;\"><div class=\"fusion-column-wrapper fusion-flex-column-wrapper-legacy\" style=\"background-position:left top;background-repeat:no-repeat;-webkit-background-size:cover;-moz-background-size:cover;-o-background-size:cover;background-size:cover;padding: 0px 0px 0px 0px;\"><span class=\" fusion-imageframe imageframe-none imageframe-4 hover-type-none\"><img decoding=\"async\" width=\"319\" height=\"480\" title=\"ermitasanantoniporrera\" src=\"https:\/\/www.doqpriorat.org\/wp-content\/uploads\/2019\/02\/ermitasanantoniporrera.jpg\" class=\"img-responsive wp-image-2746\" srcset=\"https:\/\/www.doqpriorat.org\/wp-content\/uploads\/2019\/02\/ermitasanantoniporrera-200x301.jpg 200w, https:\/\/www.doqpriorat.org\/wp-content\/uploads\/2019\/02\/ermitasanantoniporrera.jpg 319w\" sizes=\"(max-width: 800px) 100vw, 319px\" \/><\/span><div class=\"fusion-clearfix\"><\/div><\/div><\/div><div class=\"fusion-layout-column fusion_builder_column fusion-builder-column-8 fusion_builder_column_1_2 1_2 fusion-one-half fusion-column-last\" style=\"width:50%;width:calc(50% - ( ( 4% ) * 0.5 ) );margin-top:0px;margin-bottom:20px;\"><div class=\"fusion-column-wrapper fusion-flex-column-wrapper-legacy\" style=\"background-position:left top;background-repeat:no-repeat;-webkit-background-size:cover;-moz-background-size:cover;-o-background-size:cover;background-size:cover;padding: 0px 0px 0px 0px;\"><div class=\"fusion-text fusion-text-5\"><h2>Lugares de inter\u00e9s<\/h2>\n<p>El edificio m\u00e1s destacado es la iglesia parroquial de San Juan Evangelista. En el \u00e1mbito civil, Porrera ha conservado siempre su aspecto senyorial y orgulloso: las casas, espaciosas y suntuosas; sus calles, el r\u00edo y las anchas portaladas, recuerdan su glorioso pasado. Destacan especialmente los relojes de sol, fechados entre los a\u00f1os 1840 y 1880, con piezas realmente interesantes, como el reloj vertical declinante, llamado \u00abreloj de tarde\u00bb, dif\u00edcil de encontrar en el resto de Catalu\u00f1a, o el del Portal, considerado el m\u00e1s grande en dimensiones. Tambi\u00e9n tiene inter\u00e9s la ermita de Sant Antonio, edificada sobre un promontorio rocoso desde donde se obtienen unas vistas formidables de la poblaci\u00f3n.<\/p>\n<p><a href=\"http:\/\/www.porrera.org\/\">Web de l&#8217;Ajuntament de Porrera<\/a><br \/>\n<a href=\"http:\/\/www.cellersdeporrera.com\/wordpress\/\">Associaci\u00f3 de Cellers de Porrera<\/a><\/p>\n<\/div><div class=\"fusion-clearfix\"><\/div><\/div><\/div><\/div><\/div><div class=\"fusion-fullwidth fullwidth-box fusion-builder-row-6 nonhundred-percent-fullwidth non-hundred-percent-height-scrolling\" style=\"background-color: #ffffff;background-position: center center;background-repeat: no-repeat;padding-top:0px;padding-right:0px;padding-bottom:0px;padding-left:0px;margin-bottom: 0px;margin-top: 0px;border-width: 0px 0px 0px 0px;border-color:#eae9e9;border-style:solid;\" ><div class=\"fusion-builder-row fusion-row\"><div class=\"fusion-layout-column fusion_builder_column fusion-builder-column-9 fusion_builder_column_1_1 1_1 fusion-one-full fusion-column-first fusion-column-last\" style=\"margin-top:0px;margin-bottom:20px;\"><div class=\"fusion-column-wrapper fusion-flex-column-wrapper-legacy\" style=\"background-position:left top;background-repeat:no-repeat;-webkit-background-size:cover;-moz-background-size:cover;-o-background-size:cover;background-size:cover;padding: 0px 0px 0px 0px;\"><div class=\"fusion-text fusion-text-6\"><div class=\"doq-cellers-vila doq-margin-2\"><h2 class=\"aligncenter\">Bodegas en la vila de Porrera\n<\/h2><div class=\"row\"><div class=\"col-md-3 col-sm-4 doq-col-xs-6 doq-mb-2\"><div class=\"doq-celler-small\"><div class=\"doq-img\"><a href=\"https:\/\/www.doqpriorat.org\/es\/bodegas\/alicia-i-josep-viticultors-sl\/\"><img decoding=\"async\" src=\"https:\/\/www.doqpriorat.org\/intranet\/img\/cellers\/ajv-tossal-reduida.jpg\" alt=\"Alicia i Josep Viticultors\" class=\"doq-foto-100\" \/><\/a><\/div><div class=\"doq-txt\"><div class=\"doq-tit\"><a href=\"https:\/\/www.doqpriorat.org\/es\/bodegas\/alicia-i-josep-viticultors-sl\/\">Alicia i Josep Viticultors<\/a><\/div><div class=\"doq-vila\">Porrera<\/div><\/div><\/div><\/div><div class=\"col-md-3 col-sm-4 doq-col-xs-6 doq-mb-2\"><div class=\"doq-celler-small\"><div class=\"doq-img\"><a href=\"https:\/\/www.doqpriorat.org\/es\/bodegas\/alvarez-duran-priorat-slu\/\"><img decoding=\"async\" src=\"https:\/\/www.doqpriorat.org\/intranet\/img\/cellers\/alvarez-duran-final.png\" alt=\"Alvarez Duran Priorat\" class=\"doq-foto-100\" \/><\/a><\/div><div class=\"doq-txt\"><div class=\"doq-tit\"><a href=\"https:\/\/www.doqpriorat.org\/es\/bodegas\/alvarez-duran-priorat-slu\/\">Alvarez Duran Priorat<\/a><\/div><div class=\"doq-vila\">Porrera<\/div><\/div><\/div><\/div><div class=\"col-md-3 col-sm-4 doq-col-xs-6 doq-mb-2\"><div class=\"doq-celler-small\"><div class=\"doq-img\"><a href=\"https:\/\/www.doqpriorat.org\/es\/bodegas\/celler-ardevol-i-associats-sl\/\"><img decoding=\"async\" src=\"https:\/\/www.doqpriorat.org\/wp-content\/plugins\/doq-intranet\/img\/celler.jpg\" alt=\"Celler Ard\u00e8vol i Associats\" class=\"doq-foto-100\" \/><\/a><\/div><div class=\"doq-txt\"><div class=\"doq-tit\"><a href=\"https:\/\/www.doqpriorat.org\/es\/bodegas\/celler-ardevol-i-associats-sl\/\">Celler Ard\u00e8vol i Associats<\/a><\/div><div class=\"doq-vila\">Porrera<\/div><\/div><\/div><\/div><div class=\"col-md-3 col-sm-4 doq-col-xs-6 doq-mb-2\"><div class=\"doq-celler-small\"><div class=\"doq-img\"><a href=\"https:\/\/www.doqpriorat.org\/es\/bodegas\/balmaprat\/\"><img decoding=\"async\" src=\"https:\/\/www.doqpriorat.org\/intranet\/img\/cellers\/10689502-987659114636982-9044810041170166941-n-1-.jpg\" alt=\"Celler BalmaPrat\" class=\"doq-foto-100\" \/><\/a><\/div><div class=\"doq-txt\"><div class=\"doq-tit\"><a href=\"https:\/\/www.doqpriorat.org\/es\/bodegas\/balmaprat\/\">Celler BalmaPrat<\/a><\/div><div class=\"doq-vila\">Porrera<\/div><\/div><\/div><\/div><div class=\"col-md-3 col-sm-4 doq-col-xs-6 doq-mb-2\"><div class=\"doq-celler-small\"><div class=\"doq-img\"><a href=\"https:\/\/www.doqpriorat.org\/es\/bodegas\/celler-cal-pla-sl\/\"><img decoding=\"async\" src=\"https:\/\/www.doqpriorat.org\/intranet\/img\/cellers\/celler-cal-pla-final.png\" alt=\"Celler Cal Pla\" class=\"doq-foto-100\" \/><\/a><\/div><div class=\"doq-txt\"><div class=\"doq-tit\"><a href=\"https:\/\/www.doqpriorat.org\/es\/bodegas\/celler-cal-pla-sl\/\">Celler Cal Pla<\/a><\/div><div class=\"doq-vila\">Porrera<\/div><\/div><\/div><\/div><div class=\"col-md-3 col-sm-4 doq-col-xs-6 doq-mb-2\"><div class=\"doq-celler-small\"><div class=\"doq-img\"><a href=\"https:\/\/www.doqpriorat.org\/es\/bodegas\/celler-castellet\/\"><img decoding=\"async\" src=\"https:\/\/www.doqpriorat.org\/intranet\/img\/cellers\/celler-castellet-final.png\" alt=\"Celler Castellet\" class=\"doq-foto-100\" \/><\/a><\/div><div class=\"doq-txt\"><div class=\"doq-tit\"><a href=\"https:\/\/www.doqpriorat.org\/es\/bodegas\/celler-castellet\/\">Celler Castellet<\/a><\/div><div class=\"doq-vila\">Porrera<\/div><\/div><\/div><\/div><div class=\"col-md-3 col-sm-4 doq-col-xs-6 doq-mb-2\"><div class=\"doq-celler-small\"><div class=\"doq-img\"><a href=\"https:\/\/www.doqpriorat.org\/es\/bodegas\/celler-de-lencastell\/\"><img decoding=\"async\" src=\"https:\/\/www.doqpriorat.org\/intranet\/img\/cellers\/celler-de-lencastell-final.png\" alt=\"Celler de l'Encastell\" class=\"doq-foto-100\" \/><\/a><\/div><div class=\"doq-txt\"><div class=\"doq-tit\"><a href=\"https:\/\/www.doqpriorat.org\/es\/bodegas\/celler-de-lencastell\/\">Celler de l'Encastell<\/a><\/div><div class=\"doq-vila\">Porrera<\/div><\/div><\/div><\/div><div class=\"col-md-3 col-sm-4 doq-col-xs-6 doq-mb-2\"><div class=\"doq-celler-small\"><div class=\"doq-img\"><a href=\"https:\/\/www.doqpriorat.org\/es\/bodegas\/celler-familia-nin-ortiz-sl\/\"><img decoding=\"async\" src=\"https:\/\/www.doqpriorat.org\/intranet\/img\/cellers\/celler-familia-nin-ortiz-final.png\" alt=\"Celler Familia NinOrtiz\" class=\"doq-foto-100\" \/><\/a><\/div><div class=\"doq-txt\"><div class=\"doq-tit\"><a href=\"https:\/\/www.doqpriorat.org\/es\/bodegas\/celler-familia-nin-ortiz-sl\/\">Celler Familia NinOrtiz<\/a><\/div><div class=\"doq-vila\">Porrera<\/div><\/div><\/div><\/div><div class=\"col-md-3 col-sm-4 doq-col-xs-6 doq-mb-2\"><div class=\"doq-celler-small\"><div class=\"doq-img\"><a href=\"https:\/\/www.doqpriorat.org\/es\/bodegas\/celler-joan-simo-sl\/\"><img decoding=\"async\" src=\"https:\/\/www.doqpriorat.org\/intranet\/img\/cellers\/celler-joan-simo-final.png\" alt=\"Celler Joan Sim\u00f3\" class=\"doq-foto-100\" \/><\/a><\/div><div class=\"doq-txt\"><div class=\"doq-tit\"><a href=\"https:\/\/www.doqpriorat.org\/es\/bodegas\/celler-joan-simo-sl\/\">Celler Joan Sim\u00f3<\/a><\/div><div class=\"doq-vila\">Porrera<\/div><\/div><\/div><\/div><div class=\"col-md-3 col-sm-4 doq-col-xs-6 doq-mb-2\"><div class=\"doq-celler-small\"><div class=\"doq-img\"><a href=\"https:\/\/www.doqpriorat.org\/es\/bodegas\/adria-domenech-simo\/\"><img decoding=\"async\" src=\"https:\/\/www.doqpriorat.org\/intranet\/img\/cellers\/lantic-magatzem-final.png\" alt=\"Celler l'Antic Magatzem\" class=\"doq-foto-100\" \/><\/a><\/div><div class=\"doq-txt\"><div class=\"doq-tit\"><a href=\"https:\/\/www.doqpriorat.org\/es\/bodegas\/adria-domenech-simo\/\">Celler l'Antic Magatzem<\/a><\/div><div class=\"doq-vila\">Porrera<\/div><\/div><\/div><\/div><div class=\"col-md-3 col-sm-4 doq-col-xs-6 doq-mb-2\"><div class=\"doq-celler-small\"><div class=\"doq-img\"><a href=\"https:\/\/www.doqpriorat.org\/es\/bodegas\/celler-vall-llach\/\"><img decoding=\"async\" src=\"https:\/\/www.doqpriorat.org\/intranet\/img\/cellers\/celler-vall-llach-final.png\" alt=\"Celler Vall Llach\" class=\"doq-foto-100\" \/><\/a><\/div><div class=\"doq-txt\"><div class=\"doq-tit\"><a href=\"https:\/\/www.doqpriorat.org\/es\/bodegas\/celler-vall-llach\/\">Celler Vall Llach<\/a><\/div><div class=\"doq-vila\">Porrera<\/div><\/div><\/div><\/div><div class=\"col-md-3 col-sm-4 doq-col-xs-6 doq-mb-2\"><div class=\"doq-celler-small\"><div class=\"doq-img\"><a href=\"https:\/\/www.doqpriorat.org\/es\/bodegas\/cims-de-porrera\/\"><img decoding=\"async\" src=\"https:\/\/www.doqpriorat.org\/intranet\/img\/cellers\/cims-de-porrera-final.png\" alt=\"Cims de Porrera\" class=\"doq-foto-100\" \/><\/a><\/div><div class=\"doq-txt\"><div class=\"doq-tit\"><a href=\"https:\/\/www.doqpriorat.org\/es\/bodegas\/cims-de-porrera\/\">Cims de Porrera<\/a><\/div><div class=\"doq-vila\">Porrera<\/div><\/div><\/div><\/div><div class=\"col-md-3 col-sm-4 doq-col-xs-6 doq-mb-2\"><div class=\"doq-celler-small\"><div class=\"doq-img\"><a href=\"https:\/\/www.doqpriorat.org\/es\/bodegas\/clos-dominic-sl\/\"><img decoding=\"async\" src=\"https:\/\/www.doqpriorat.org\/intranet\/img\/cellers\/clos-dominic-final.png\" alt=\"Clos Dominic\" class=\"doq-foto-100\" \/><\/a><\/div><div class=\"doq-txt\"><div class=\"doq-tit\"><a href=\"https:\/\/www.doqpriorat.org\/es\/bodegas\/clos-dominic-sl\/\">Clos Dominic<\/a><\/div><div class=\"doq-vila\">Porrera<\/div><\/div><\/div><\/div><div class=\"col-md-3 col-sm-4 doq-col-xs-6 doq-mb-2\"><div class=\"doq-celler-small\"><div class=\"doq-img\"><a href=\"https:\/\/www.doqpriorat.org\/es\/bodegas\/domaines-magrez-espagne-sl\/\"><img decoding=\"async\" src=\"https:\/\/www.doqpriorat.org\/intranet\/img\/cellers\/domaines-magrez-espagne-final.png\" alt=\"Domaines Magrez Espagne\" class=\"doq-foto-100\" \/><\/a><\/div><div class=\"doq-txt\"><div class=\"doq-tit\"><a href=\"https:\/\/www.doqpriorat.org\/es\/bodegas\/domaines-magrez-espagne-sl\/\">Domaines Magrez Espagne<\/a><\/div><div class=\"doq-vila\">Porrera<\/div><\/div><\/div><\/div><div class=\"col-md-3 col-sm-4 doq-col-xs-6 doq-mb-2\"><div class=\"doq-celler-small\"><div class=\"doq-img\"><a href=\"https:\/\/www.doqpriorat.org\/es\/bodegas\/ferrer-bobet\/\"><img decoding=\"async\" src=\"https:\/\/www.doqpriorat.org\/intranet\/img\/cellers\/ferrer-i-bobet-final.png\" alt=\"Ferrer Bobet\" class=\"doq-foto-100\" \/><\/a><\/div><div class=\"doq-txt\"><div class=\"doq-tit\"><a href=\"https:\/\/www.doqpriorat.org\/es\/bodegas\/ferrer-bobet\/\">Ferrer Bobet<\/a><\/div><div class=\"doq-vila\">Porrera<\/div><\/div><\/div><\/div><div class=\"col-md-3 col-sm-4 doq-col-xs-6 doq-mb-2\"><div class=\"doq-celler-small\"><div class=\"doq-img\"><a href=\"https:\/\/www.doqpriorat.org\/es\/bodegas\/giol-porrera\/\"><img decoding=\"async\" src=\"https:\/\/www.doqpriorat.org\/intranet\/img\/cellers\/giol-porrera-final.png\" alt=\"Giol Porrera\" class=\"doq-foto-100\" \/><\/a><\/div><div class=\"doq-txt\"><div class=\"doq-tit\"><a href=\"https:\/\/www.doqpriorat.org\/es\/bodegas\/giol-porrera\/\">Giol Porrera<\/a><\/div><div class=\"doq-vila\">Porrera<\/div><\/div><\/div><\/div><div class=\"col-md-3 col-sm-4 doq-col-xs-6 doq-mb-2\"><div class=\"doq-celler-small\"><div class=\"doq-img\"><a href=\"https:\/\/www.doqpriorat.org\/es\/bodegas\/marco-abella-sl\/\"><img decoding=\"async\" src=\"https:\/\/www.doqpriorat.org\/intranet\/img\/cellers\/marco-abella-final.png\" alt=\"Marco Abella\" class=\"doq-foto-100\" \/><\/a><\/div><div class=\"doq-txt\"><div class=\"doq-tit\"><a href=\"https:\/\/www.doqpriorat.org\/es\/bodegas\/marco-abella-sl\/\">Marco Abella<\/a><\/div><div class=\"doq-vila\">Porrera<\/div><\/div><\/div><\/div><div class=\"col-md-3 col-sm-4 doq-col-xs-6 doq-mb-2\"><div class=\"doq-celler-small\"><div class=\"doq-img\"><a href=\"https:\/\/www.doqpriorat.org\/es\/bodegas\/mas-martinet-assessoraments-sl\/\"><img decoding=\"async\" src=\"https:\/\/www.doqpriorat.org\/intranet\/img\/cellers\/mas-martinet-assessoraments-final.png\" alt=\"Mas Martinet Assessoraments\" class=\"doq-foto-100\" \/><\/a><\/div><div class=\"doq-txt\"><div class=\"doq-tit\"><a href=\"https:\/\/www.doqpriorat.org\/es\/bodegas\/mas-martinet-assessoraments-sl\/\">Mas Martinet Assessoraments<\/a><\/div><div class=\"doq-vila\">Porrera<\/div><\/div><\/div><\/div><div class=\"col-md-3 col-sm-4 doq-col-xs-6 doq-mb-2\"><div class=\"doq-celler-small\"><div class=\"doq-img\"><a href=\"https:\/\/www.doqpriorat.org\/es\/bodegas\/merum-priorati-sl\/\"><img decoding=\"async\" src=\"https:\/\/www.doqpriorat.org\/intranet\/img\/cellers\/merum-priorati-final.png\" alt=\"Merum Priorati\" class=\"doq-foto-100\" \/><\/a><\/div><div class=\"doq-txt\"><div class=\"doq-tit\"><a href=\"https:\/\/www.doqpriorat.org\/es\/bodegas\/merum-priorati-sl\/\">Merum Priorati<\/a><\/div><div class=\"doq-vila\">Porrera<\/div><\/div><\/div><\/div><div class=\"col-md-3 col-sm-4 doq-col-xs-6 doq-mb-2\"><div class=\"doq-celler-small\"><div class=\"doq-img\"><a href=\"https:\/\/www.doqpriorat.org\/es\/bodegas\/sangenis-i-vaque\/\"><img decoding=\"async\" src=\"https:\/\/www.doqpriorat.org\/intranet\/img\/cellers\/sangenis-i-vaque-final.png\" alt=\"Sangen\u00eds i Vaqu\u00e9\" class=\"doq-foto-100\" \/><\/a><\/div><div class=\"doq-txt\"><div class=\"doq-tit\"><a href=\"https:\/\/www.doqpriorat.org\/es\/bodegas\/sangenis-i-vaque\/\">Sangen\u00eds i Vaqu\u00e9<\/a><\/div><div class=\"doq-vila\">Porrera<\/div><\/div><\/div><\/div><\/div><\/div>\n<\/div><div class=\"fusion-clearfix\"><\/div><\/div><\/div><\/div><\/div><\/p>\n","protected":false},"excerpt":{"rendered":"","protected":false},"author":1,"featured_media":0,"parent":2950,"menu_order":0,"comment_status":"closed","ping_status":"closed","template":"","meta":{"footnotes":""},"class_list":["post-3006","page","type-page","status-publish","hentry"],"yoast_head":"<!-- This site is optimized with the Yoast SEO plugin v27.5 - https:\/\/yoast.com\/product\/yoast-seo-wordpress\/ -->\n<title>Porrera - Consell Regulador de la DOQ Priorat<\/title>\n<meta name=\"robots\" content=\"index, follow, max-snippet:-1, max-image-preview:large, max-video-preview:-1\" \/>\n<link rel=\"canonical\" href=\"https:\/\/www.doqpriorat.org\/es\/las-villas\/porrera\/\" \/>\n<meta property=\"og:locale\" content=\"es_ES\" \/>\n<meta property=\"og:type\" content=\"article\" \/>\n<meta property=\"og:title\" content=\"Porrera - Consell Regulador de la DOQ Priorat\" \/>\n<meta property=\"og:url\" content=\"https:\/\/www.doqpriorat.org\/es\/las-villas\/porrera\/\" \/>\n<meta property=\"og:site_name\" content=\"Consell Regulador de la DOQ Priorat\" \/>\n<meta property=\"article:modified_time\" content=\"2019-03-18T14:41:15+00:00\" \/>\n<meta name=\"twitter:card\" content=\"summary_large_image\" \/>\n<meta name=\"twitter:label1\" content=\"Tiempo de lectura\" \/>\n\t<meta name=\"twitter:data1\" content=\"11 minutos\" \/>\n<script type=\"application\/ld+json\" class=\"yoast-schema-graph\">{\"@context\":\"https:\\\/\\\/schema.org\",\"@graph\":[{\"@type\":\"WebPage\",\"@id\":\"https:\\\/\\\/www.doqpriorat.org\\\/es\\\/las-villas\\\/porrera\\\/\",\"url\":\"https:\\\/\\\/www.doqpriorat.org\\\/es\\\/las-villas\\\/porrera\\\/\",\"name\":\"Porrera - Consell Regulador de la DOQ Priorat\",\"isPartOf\":{\"@id\":\"https:\\\/\\\/www.doqpriorat.org\\\/#website\"},\"datePublished\":\"2019-01-22T11:30:42+00:00\",\"dateModified\":\"2019-03-18T14:41:15+00:00\",\"breadcrumb\":{\"@id\":\"https:\\\/\\\/www.doqpriorat.org\\\/es\\\/las-villas\\\/porrera\\\/#breadcrumb\"},\"inLanguage\":\"es\",\"potentialAction\":[{\"@type\":\"ReadAction\",\"target\":[\"https:\\\/\\\/www.doqpriorat.org\\\/es\\\/las-villas\\\/porrera\\\/\"]}]},{\"@type\":\"BreadcrumbList\",\"@id\":\"https:\\\/\\\/www.doqpriorat.org\\\/es\\\/las-villas\\\/porrera\\\/#breadcrumb\",\"itemListElement\":[{\"@type\":\"ListItem\",\"position\":1,\"name\":\"Inici\",\"item\":\"https:\\\/\\\/www.doqpriorat.org\\\/es\\\/\"},{\"@type\":\"ListItem\",\"position\":2,\"name\":\"Las Villas\",\"item\":\"https:\\\/\\\/www.doqpriorat.org\\\/es\\\/las-villas\\\/\"},{\"@type\":\"ListItem\",\"position\":3,\"name\":\"Porrera\"}]},{\"@type\":\"WebSite\",\"@id\":\"https:\\\/\\\/www.doqpriorat.org\\\/#website\",\"url\":\"https:\\\/\\\/www.doqpriorat.org\\\/\",\"name\":\"Consell Regulador de la DOQ Priorat\",\"description\":\"Altre lloc gestionat amb el WordPress\",\"potentialAction\":[{\"@type\":\"SearchAction\",\"target\":{\"@type\":\"EntryPoint\",\"urlTemplate\":\"https:\\\/\\\/www.doqpriorat.org\\\/?s={search_term_string}\"},\"query-input\":{\"@type\":\"PropertyValueSpecification\",\"valueRequired\":true,\"valueName\":\"search_term_string\"}}],\"inLanguage\":\"es\"}]}<\/script>\n<!-- \/ Yoast SEO plugin. -->","yoast_head_json":{"title":"Porrera - Consell Regulador de la DOQ Priorat","robots":{"index":"index","follow":"follow","max-snippet":"max-snippet:-1","max-image-preview":"max-image-preview:large","max-video-preview":"max-video-preview:-1"},"canonical":"https:\/\/www.doqpriorat.org\/es\/las-villas\/porrera\/","og_locale":"es_ES","og_type":"article","og_title":"Porrera - Consell Regulador de la DOQ Priorat","og_url":"https:\/\/www.doqpriorat.org\/es\/las-villas\/porrera\/","og_site_name":"Consell Regulador de la DOQ Priorat","article_modified_time":"2019-03-18T14:41:15+00:00","twitter_card":"summary_large_image","twitter_misc":{"Tiempo de lectura":"11 minutos"},"schema":{"@context":"https:\/\/schema.org","@graph":[{"@type":"WebPage","@id":"https:\/\/www.doqpriorat.org\/es\/las-villas\/porrera\/","url":"https:\/\/www.doqpriorat.org\/es\/las-villas\/porrera\/","name":"Porrera - Consell Regulador de la DOQ Priorat","isPartOf":{"@id":"https:\/\/www.doqpriorat.org\/#website"},"datePublished":"2019-01-22T11:30:42+00:00","dateModified":"2019-03-18T14:41:15+00:00","breadcrumb":{"@id":"https:\/\/www.doqpriorat.org\/es\/las-villas\/porrera\/#breadcrumb"},"inLanguage":"es","potentialAction":[{"@type":"ReadAction","target":["https:\/\/www.doqpriorat.org\/es\/las-villas\/porrera\/"]}]},{"@type":"BreadcrumbList","@id":"https:\/\/www.doqpriorat.org\/es\/las-villas\/porrera\/#breadcrumb","itemListElement":[{"@type":"ListItem","position":1,"name":"Inici","item":"https:\/\/www.doqpriorat.org\/es\/"},{"@type":"ListItem","position":2,"name":"Las Villas","item":"https:\/\/www.doqpriorat.org\/es\/las-villas\/"},{"@type":"ListItem","position":3,"name":"Porrera"}]},{"@type":"WebSite","@id":"https:\/\/www.doqpriorat.org\/#website","url":"https:\/\/www.doqpriorat.org\/","name":"Consell Regulador de la DOQ Priorat","description":"Altre lloc gestionat amb el WordPress","potentialAction":[{"@type":"SearchAction","target":{"@type":"EntryPoint","urlTemplate":"https:\/\/www.doqpriorat.org\/?s={search_term_string}"},"query-input":{"@type":"PropertyValueSpecification","valueRequired":true,"valueName":"search_term_string"}}],"inLanguage":"es"}]}},"_links":{"self":[{"href":"https:\/\/www.doqpriorat.org\/es\/wp-json\/wp\/v2\/pages\/3006","targetHints":{"allow":["GET"]}}],"collection":[{"href":"https:\/\/www.doqpriorat.org\/es\/wp-json\/wp\/v2\/pages"}],"about":[{"href":"https:\/\/www.doqpriorat.org\/es\/wp-json\/wp\/v2\/types\/page"}],"author":[{"embeddable":true,"href":"https:\/\/www.doqpriorat.org\/es\/wp-json\/wp\/v2\/users\/1"}],"replies":[{"embeddable":true,"href":"https:\/\/www.doqpriorat.org\/es\/wp-json\/wp\/v2\/comments?post=3006"}],"version-history":[{"count":4,"href":"https:\/\/www.doqpriorat.org\/es\/wp-json\/wp\/v2\/pages\/3006\/revisions"}],"predecessor-version":[{"id":3279,"href":"https:\/\/www.doqpriorat.org\/es\/wp-json\/wp\/v2\/pages\/3006\/revisions\/3279"}],"up":[{"embeddable":true,"href":"https:\/\/www.doqpriorat.org\/es\/wp-json\/wp\/v2\/pages\/2950"}],"wp:attachment":[{"href":"https:\/\/www.doqpriorat.org\/es\/wp-json\/wp\/v2\/media?parent=3006"}],"curies":[{"name":"wp","href":"https:\/\/api.w.org\/{rel}","templated":true}]}}