{"id":3201,"date":"2019-01-22T13:47:07","date_gmt":"2019-01-22T11:47:07","guid":{"rendered":"https:\/\/www.doqpriorat.org\/las-villas\/masos-de-falset\/"},"modified":"2019-03-18T16:48:21","modified_gmt":"2019-03-18T14:48:21","slug":"masos-de-falset","status":"publish","type":"page","link":"https:\/\/www.doqpriorat.org\/es\/las-villas\/masos-de-falset\/","title":{"rendered":"Masos de Falset"},"content":{"rendered":"<p><div class=\"fusion-fullwidth fullwidth-box fusion-builder-row-1 nonhundred-percent-fullwidth non-hundred-percent-height-scrolling\" style=\"background-color: #ffffff;background-position: center center;background-repeat: no-repeat;padding-top:0px;padding-right:0px;padding-bottom:0px;padding-left:0px;margin-bottom: 0px;margin-top: 0px;border-width: 0px 0px 0px 0px;border-color:#eae9e9;border-style:solid;\" ><div class=\"fusion-builder-row fusion-row\"><div class=\"fusion-layout-column fusion_builder_column fusion-builder-column-0 fusion_builder_column_1_1 1_1 fusion-one-full fusion-column-first fusion-column-last\" style=\"margin-top:0px;margin-bottom:20px;\"><div class=\"fusion-column-wrapper fusion-flex-column-wrapper-legacy\" style=\"background-position:left top;background-repeat:no-repeat;-webkit-background-size:cover;-moz-background-size:cover;-o-background-size:cover;background-size:cover;padding: 0px 0px 0px 0px;\"><span class=\" fusion-imageframe imageframe-none imageframe-1 hover-type-none\"><img decoding=\"async\" width=\"1200\" height=\"300\" title=\"Masos de Falset FINAL\" src=\"https:\/\/www.doqpriorat.org\/wp-content\/uploads\/2019\/02\/Masos-de-Falset-FINAL.png\" class=\"img-responsive wp-image-2810\" srcset=\"https:\/\/www.doqpriorat.org\/wp-content\/uploads\/2019\/02\/Masos-de-Falset-FINAL-200x50.png 200w, https:\/\/www.doqpriorat.org\/wp-content\/uploads\/2019\/02\/Masos-de-Falset-FINAL-400x100.png 400w, https:\/\/www.doqpriorat.org\/wp-content\/uploads\/2019\/02\/Masos-de-Falset-FINAL-600x150.png 600w, https:\/\/www.doqpriorat.org\/wp-content\/uploads\/2019\/02\/Masos-de-Falset-FINAL-800x200.png 800w, https:\/\/www.doqpriorat.org\/wp-content\/uploads\/2019\/02\/Masos-de-Falset-FINAL.png 1200w\" sizes=\"(max-width: 800px) 100vw, 1200px\" \/><\/span><div class=\"fusion-clearfix\"><\/div><\/div><\/div><\/div><\/div><div class=\"fusion-fullwidth fullwidth-box fusion-builder-row-2 nonhundred-percent-fullwidth non-hundred-percent-height-scrolling\" style=\"background-color: #ffffff;background-position: center center;background-repeat: no-repeat;padding-top:0px;padding-right:0px;padding-bottom:0px;padding-left:0px;margin-bottom: 0px;margin-top: 0px;border-width: 0px 0px 0px 0px;border-color:#eae9e9;border-style:solid;\" ><div class=\"fusion-builder-row fusion-row\"><div class=\"fusion-layout-column fusion_builder_column fusion-builder-column-1 fusion_builder_column_1_2 1_2 fusion-one-half fusion-column-first\" style=\"width:50%;width:calc(50% - ( ( 4% ) * 0.5 ) );margin-right: 4%;margin-top:0px;margin-bottom:20px;\"><div class=\"fusion-column-wrapper fusion-flex-column-wrapper-legacy\" style=\"background-position:left top;background-repeat:no-repeat;-webkit-background-size:cover;-moz-background-size:cover;-o-background-size:cover;background-size:cover;padding: 0px 0px 0px 0px;\"><div class=\"fusion-text fusion-text-1\"><h2>Situaci\u00f3n<\/h2>\n<p>Adem\u00e1s de los t\u00e9rminos municipales de los nueve pueblos que forman la DOCa Priorat, el territorio de la denominaci\u00f3n de origen incluye la parte norte del t\u00e9rmino municipal de Falset. Esta parte del t\u00e9rmino est\u00e1 compuesta por terrenos que en el \u00e1mbito geol\u00f3gico, litol\u00f3gico y clim\u00e1tico se consideraron id\u00f3neos para producir vinos con las caracter\u00edsticas de los vinos de la DOCa Priorat. La parte m\u00e1s grande de esta zona incluye el paraje conocido con el nombre de \u00abMasos\u00bb, a causa de la gran presencia de \u00abmasos\u00bb (casas de campo), antiguamente habitados, en los que se hac\u00eda vida cuando se trabajaba en los vi\u00f1edos, a gran distancia de las poblaciones de Falset, Bellmunt y Porrera. Tambi\u00e9n est\u00e1n incluidos en la DOCa Priorat las partidas de \u00ables Sentius\u00bb, \u00abels Colls de Porrera\u00bb, \u00ablos Mollons\u00bb, \u00ables Aubagues\u00bb, \u00abels Carners\u00bb, \u00ablo Coll del Mol\u00ed\u00bb i \u00abla Sulsida\u00bb, situadas todas en esta parte norte del t\u00e9rmino de Falset.<\/p>\n<\/div><div class=\"fusion-clearfix\"><\/div><\/div><\/div><div class=\"fusion-layout-column fusion_builder_column fusion-builder-column-2 fusion_builder_column_1_2 1_2 fusion-one-half fusion-column-last\" style=\"width:50%;width:calc(50% - ( ( 4% ) * 0.5 ) );margin-top:0px;margin-bottom:20px;\"><div class=\"fusion-column-wrapper fusion-flex-column-wrapper-legacy\" style=\"background-position:left top;background-repeat:no-repeat;-webkit-background-size:cover;-moz-background-size:cover;-o-background-size:cover;background-size:cover;padding: 0px 0px 0px 0px;\"><div class=\"fusion-text fusion-text-2\"><p><iframe style=\"border: 0;\" src=\"https:\/\/www.google.com\/maps\/embed?pb=!1m18!1m12!1m3!1d6009.051521796732!2d0.8164295487518106!3d41.14487759608655!2m3!1f0!2f0!3f0!3m2!1i1024!2i768!4f13.1!3m3!1m2!1s0x12a130cf9e6e860d%3A0x412f47a8e9ea991f!2s43730+Falset%2C+Tarragona!5e0!3m2!1sca!2ses!4v1548157450458\" width=\"100%\" height=\"300\" frameborder=\"0\" allowfullscreen=\"allowfullscreen\"><\/iframe><\/p>\n<\/div><div class=\"fusion-clearfix\"><\/div><\/div><\/div><\/div><\/div><div class=\"fusion-fullwidth fullwidth-box fusion-builder-row-3 nonhundred-percent-fullwidth non-hundred-percent-height-scrolling\" style=\"background-color: #ffffff;background-position: center center;background-repeat: no-repeat;padding-top:0px;padding-right:0px;padding-bottom:0px;padding-left:0px;margin-bottom: 0px;margin-top: 0px;border-width: 0px 0px 0px 0px;border-color:#eae9e9;border-style:solid;\" ><div class=\"fusion-builder-row fusion-row\"><div class=\"fusion-layout-column fusion_builder_column fusion-builder-column-3 fusion_builder_column_1_1 1_1 fusion-one-full fusion-column-first fusion-column-last\" style=\"margin-top:0px;margin-bottom:20px;\"><div class=\"fusion-column-wrapper fusion-flex-column-wrapper-legacy\" style=\"background-position:left top;background-repeat:no-repeat;-webkit-background-size:cover;-moz-background-size:cover;-o-background-size:cover;background-size:cover;padding: 0px 0px 0px 0px;\"><div class=\"fusion-text fusion-text-3\"><div class=\"doq-cellers-vila doq-margin-2\"><h2 class=\"aligncenter\">Cellers dels Masos de Falset<\/h2><div class=\"row\"><div class=\"col-md-3 col-sm-4 doq-col-xs-6 doq-mb-2\"><div class=\"doq-celler-small\"><div class=\"doq-img\"><a href=\"https:\/\/www.doqpriorat.org\/es\/bodegas\/celler-xavier-artiol\/\"><img decoding=\"async\" src=\"https:\/\/www.doqpriorat.org\/wp-content\/plugins\/doq-intranet\/img\/celler.jpg\" alt=\"Celler Xavier Artiol\" class=\"doq-foto-100\" \/><\/a><\/div><div class=\"doq-txt\"><div class=\"doq-tit\"><a href=\"https:\/\/www.doqpriorat.org\/es\/bodegas\/celler-xavier-artiol\/\">Celler Xavier Artiol<\/a><\/div><div class=\"doq-vila\">Falset<\/div><\/div><\/div><\/div><div class=\"col-md-3 col-sm-4 doq-col-xs-6 doq-mb-2\"><div class=\"doq-celler-small\"><div class=\"doq-img\"><a href=\"https:\/\/www.doqpriorat.org\/es\/bodegas\/cellers-capafons-osso-sl\/\"><img decoding=\"async\" src=\"https:\/\/www.doqpriorat.org\/intranet\/img\/cellers\/img-20230521-145723-692.jpg\" alt=\"Cellers Capafons-Oss\u00f3 - Mas de Masos\" class=\"doq-foto-100\" \/><\/a><\/div><div class=\"doq-txt\"><div class=\"doq-tit\"><a href=\"https:\/\/www.doqpriorat.org\/es\/bodegas\/cellers-capafons-osso-sl\/\">Cellers Capafons-Oss\u00f3 - Mas de Masos<\/a><\/div><div class=\"doq-vila\">Falset<\/div><\/div><\/div><\/div><div class=\"col-md-3 col-sm-4 doq-col-xs-6 doq-mb-2\"><div class=\"doq-celler-small\"><div class=\"doq-img\"><a href=\"https:\/\/www.doqpriorat.org\/es\/bodegas\/peters-plot-sl-hodgkinson-mas-del-habanero\/\"><img decoding=\"async\" src=\"https:\/\/www.doqpriorat.org\/wp-content\/plugins\/doq-intranet\/img\/celler.jpg\" alt=\"Hodgkinson - Mas del Habanero\" class=\"doq-foto-100\" \/><\/a><\/div><div class=\"doq-txt\"><div class=\"doq-tit\"><a href=\"https:\/\/www.doqpriorat.org\/es\/bodegas\/peters-plot-sl-hodgkinson-mas-del-habanero\/\">Hodgkinson - Mas del Habanero<\/a><\/div><div class=\"doq-vila\">Falset<\/div><\/div><\/div><\/div><\/div><\/div>\n<\/div><div class=\"fusion-clearfix\"><\/div><\/div><\/div><\/div><\/div><\/p>\n","protected":false},"excerpt":{"rendered":"","protected":false},"author":1,"featured_media":0,"parent":2950,"menu_order":0,"comment_status":"closed","ping_status":"closed","template":"","meta":{"footnotes":""},"class_list":["post-3201","page","type-page","status-publish","hentry"],"yoast_head":"<!-- This site is optimized with the Yoast SEO plugin v27.5 - https:\/\/yoast.com\/product\/yoast-seo-wordpress\/ -->\n<title>Masos de Falset - Consell Regulador de la DOQ Priorat<\/title>\n<meta name=\"robots\" content=\"index, follow, max-snippet:-1, max-image-preview:large, max-video-preview:-1\" \/>\n<link rel=\"canonical\" href=\"https:\/\/www.doqpriorat.org\/es\/las-villas\/masos-de-falset\/\" \/>\n<meta property=\"og:locale\" content=\"es_ES\" \/>\n<meta property=\"og:type\" content=\"article\" \/>\n<meta property=\"og:title\" content=\"Masos de Falset - Consell Regulador de la DOQ Priorat\" \/>\n<meta property=\"og:url\" content=\"https:\/\/www.doqpriorat.org\/es\/las-villas\/masos-de-falset\/\" \/>\n<meta property=\"og:site_name\" content=\"Consell Regulador de la DOQ Priorat\" \/>\n<meta property=\"article:modified_time\" content=\"2019-03-18T14:48:21+00:00\" \/>\n<meta name=\"twitter:card\" content=\"summary_large_image\" \/>\n<meta name=\"twitter:label1\" content=\"Tiempo de lectura\" \/>\n\t<meta name=\"twitter:data1\" content=\"5 minutos\" \/>\n<script type=\"application\/ld+json\" class=\"yoast-schema-graph\">{\"@context\":\"https:\\\/\\\/schema.org\",\"@graph\":[{\"@type\":\"WebPage\",\"@id\":\"https:\\\/\\\/www.doqpriorat.org\\\/es\\\/las-villas\\\/masos-de-falset\\\/\",\"url\":\"https:\\\/\\\/www.doqpriorat.org\\\/es\\\/las-villas\\\/masos-de-falset\\\/\",\"name\":\"Masos de Falset - Consell Regulador de la DOQ Priorat\",\"isPartOf\":{\"@id\":\"https:\\\/\\\/www.doqpriorat.org\\\/#website\"},\"datePublished\":\"2019-01-22T11:47:07+00:00\",\"dateModified\":\"2019-03-18T14:48:21+00:00\",\"breadcrumb\":{\"@id\":\"https:\\\/\\\/www.doqpriorat.org\\\/es\\\/las-villas\\\/masos-de-falset\\\/#breadcrumb\"},\"inLanguage\":\"es\",\"potentialAction\":[{\"@type\":\"ReadAction\",\"target\":[\"https:\\\/\\\/www.doqpriorat.org\\\/es\\\/las-villas\\\/masos-de-falset\\\/\"]}]},{\"@type\":\"BreadcrumbList\",\"@id\":\"https:\\\/\\\/www.doqpriorat.org\\\/es\\\/las-villas\\\/masos-de-falset\\\/#breadcrumb\",\"itemListElement\":[{\"@type\":\"ListItem\",\"position\":1,\"name\":\"Inici\",\"item\":\"https:\\\/\\\/www.doqpriorat.org\\\/es\\\/\"},{\"@type\":\"ListItem\",\"position\":2,\"name\":\"Las Villas\",\"item\":\"https:\\\/\\\/www.doqpriorat.org\\\/es\\\/las-villas\\\/\"},{\"@type\":\"ListItem\",\"position\":3,\"name\":\"Masos de Falset\"}]},{\"@type\":\"WebSite\",\"@id\":\"https:\\\/\\\/www.doqpriorat.org\\\/#website\",\"url\":\"https:\\\/\\\/www.doqpriorat.org\\\/\",\"name\":\"Consell Regulador de la DOQ Priorat\",\"description\":\"Altre lloc gestionat amb el WordPress\",\"potentialAction\":[{\"@type\":\"SearchAction\",\"target\":{\"@type\":\"EntryPoint\",\"urlTemplate\":\"https:\\\/\\\/www.doqpriorat.org\\\/?s={search_term_string}\"},\"query-input\":{\"@type\":\"PropertyValueSpecification\",\"valueRequired\":true,\"valueName\":\"search_term_string\"}}],\"inLanguage\":\"es\"}]}<\/script>\n<!-- \/ Yoast SEO plugin. -->","yoast_head_json":{"title":"Masos de Falset - Consell Regulador de la DOQ Priorat","robots":{"index":"index","follow":"follow","max-snippet":"max-snippet:-1","max-image-preview":"max-image-preview:large","max-video-preview":"max-video-preview:-1"},"canonical":"https:\/\/www.doqpriorat.org\/es\/las-villas\/masos-de-falset\/","og_locale":"es_ES","og_type":"article","og_title":"Masos de Falset - Consell Regulador de la DOQ Priorat","og_url":"https:\/\/www.doqpriorat.org\/es\/las-villas\/masos-de-falset\/","og_site_name":"Consell Regulador de la DOQ Priorat","article_modified_time":"2019-03-18T14:48:21+00:00","twitter_card":"summary_large_image","twitter_misc":{"Tiempo de lectura":"5 minutos"},"schema":{"@context":"https:\/\/schema.org","@graph":[{"@type":"WebPage","@id":"https:\/\/www.doqpriorat.org\/es\/las-villas\/masos-de-falset\/","url":"https:\/\/www.doqpriorat.org\/es\/las-villas\/masos-de-falset\/","name":"Masos de Falset - Consell Regulador de la DOQ Priorat","isPartOf":{"@id":"https:\/\/www.doqpriorat.org\/#website"},"datePublished":"2019-01-22T11:47:07+00:00","dateModified":"2019-03-18T14:48:21+00:00","breadcrumb":{"@id":"https:\/\/www.doqpriorat.org\/es\/las-villas\/masos-de-falset\/#breadcrumb"},"inLanguage":"es","potentialAction":[{"@type":"ReadAction","target":["https:\/\/www.doqpriorat.org\/es\/las-villas\/masos-de-falset\/"]}]},{"@type":"BreadcrumbList","@id":"https:\/\/www.doqpriorat.org\/es\/las-villas\/masos-de-falset\/#breadcrumb","itemListElement":[{"@type":"ListItem","position":1,"name":"Inici","item":"https:\/\/www.doqpriorat.org\/es\/"},{"@type":"ListItem","position":2,"name":"Las Villas","item":"https:\/\/www.doqpriorat.org\/es\/las-villas\/"},{"@type":"ListItem","position":3,"name":"Masos de Falset"}]},{"@type":"WebSite","@id":"https:\/\/www.doqpriorat.org\/#website","url":"https:\/\/www.doqpriorat.org\/","name":"Consell Regulador de la DOQ Priorat","description":"Altre lloc gestionat amb el WordPress","potentialAction":[{"@type":"SearchAction","target":{"@type":"EntryPoint","urlTemplate":"https:\/\/www.doqpriorat.org\/?s={search_term_string}"},"query-input":{"@type":"PropertyValueSpecification","valueRequired":true,"valueName":"search_term_string"}}],"inLanguage":"es"}]}},"_links":{"self":[{"href":"https:\/\/www.doqpriorat.org\/es\/wp-json\/wp\/v2\/pages\/3201","targetHints":{"allow":["GET"]}}],"collection":[{"href":"https:\/\/www.doqpriorat.org\/es\/wp-json\/wp\/v2\/pages"}],"about":[{"href":"https:\/\/www.doqpriorat.org\/es\/wp-json\/wp\/v2\/types\/page"}],"author":[{"embeddable":true,"href":"https:\/\/www.doqpriorat.org\/es\/wp-json\/wp\/v2\/users\/1"}],"replies":[{"embeddable":true,"href":"https:\/\/www.doqpriorat.org\/es\/wp-json\/wp\/v2\/comments?post=3201"}],"version-history":[{"count":2,"href":"https:\/\/www.doqpriorat.org\/es\/wp-json\/wp\/v2\/pages\/3201\/revisions"}],"predecessor-version":[{"id":3287,"href":"https:\/\/www.doqpriorat.org\/es\/wp-json\/wp\/v2\/pages\/3201\/revisions\/3287"}],"up":[{"embeddable":true,"href":"https:\/\/www.doqpriorat.org\/es\/wp-json\/wp\/v2\/pages\/2950"}],"wp:attachment":[{"href":"https:\/\/www.doqpriorat.org\/es\/wp-json\/wp\/v2\/media?parent=3201"}],"curies":[{"name":"wp","href":"https:\/\/api.w.org\/{rel}","templated":true}]}}